{"id":2,"date":"2013-12-22T18:34:20","date_gmt":"2013-12-22T18:34:20","guid":{"rendered":"http:\/\/apecroixluizet.net\/accueil\/\/?page_id=2"},"modified":"2020-12-10T22:21:06","modified_gmt":"2020-12-10T21:21:06","slug":"bienvenue","status":"publish","type":"page","link":"http:\/\/apecroixluizet.net\/accueil\/","title":{"rendered":"Bienvenue"},"content":{"rendered":"<h3><span style=\"color: #3366ff;\">sur le site de l&rsquo;association des parents d&rsquo;\u00e9l\u00e8ves du groupe scolaire Croix-Luizet<\/span><\/h3>\n\n\n<div class=\"wp-block-group\"><div class=\"wp-block-group__inner-container is-layout-flow wp-block-group-is-layout-flow\">\n<div class=\"wp-block-columns is-layout-flex wp-container-core-columns-is-layout-9d6595d7 wp-block-columns-is-layout-flex\">\n<div class=\"wp-block-column is-layout-flow wp-block-column-is-layout-flow\">\n<p>L&rsquo;association regroupe les parents d\u00e9sireux de contribuer \u00e0 la vie de l&rsquo;\u00e9cole ainsi que les repr\u00e9sentants des parents d\u2019\u00e9l\u00e8ves \u00e9lus pour les \u00e9coles maternelle et \u00e9l\u00e9mentaire.<\/p>\n\n\n\n<p>Les principaux objectifs de ce site sont de <strong>vous informer sur l\u2019actualit\u00e9 de l\u2019association<\/strong> et du <strong>groupe scolaire<\/strong>, de <strong>servir de relais entre l\u2019ensemble des parents<\/strong> et l&rsquo;\u00e9cole, et aussi de <strong>participer \u00e0 ce que l\u2019\u00e9cole soit un lieu agr\u00e9able \u00e0 vivre<\/strong> durant tout le parcours de nos enfants. <\/p>\n\n\n\n<p>Tout au long de l\u2019ann\u00e9e le r\u00f4le de l&rsquo;association et plus particuli\u00e8rement des repr\u00e9sentants de parents d&rsquo;\u00e9l\u00e8ves est de porter les interrogations de l\u2019ensemble des parents sur tout ce qui touche \u00e0 la scolarit\u00e9, le p\u00e9riscolaire et l\u2019environnement des enfants.<\/p>\n\n\n\n<p>Il est aussi de mener des projets d\u2019activit\u00e9s tels que la bourse aux jouets, la vente de sapins\u2026<\/p>\n<\/div>\n\n\n\n<div class=\"wp-block-column is-layout-flow wp-block-column-is-layout-flow\">\n<p>Ces actions sont r\u00e9alis\u00e9es par l\u2019association parfois en lien avec des structures du quartier. Tous les parents peuvent aussi participer, m\u00eame de fa\u00e7on ponctuelle, \u00e0 r\u00e9aliser tout ou partie d\u2019une action.<br>A noter que ces activit\u00e9s apportent \u00e9galement des rentr\u00e9es d&rsquo;argent qui viennent aider les \u00e9coles maternelles et \u00e9l\u00e9mentaires pour leur sorties ou besoin en fournitures.<\/p>\n\n\n\n<p>Sur notre site, vous trouverez aussi des informations sur les organismes qui touchent \u00e0 l\u2019\u00e9ducation nationale dans son ensemble. Pour \u00e9largir nos \u00e9changes et regards au-del\u00e0 de l\u2019\u00e9cole, des liens sur des sujets de curiosit\u00e9 (culture, loisir, notre quartier\u2026) sont \u00e0 votre disposition.<\/p>\n\n\n\n<p>Pour terminer cette pr\u00e9sentation, nous vous invitons \u00e0 <a href=\"http:\/\/apecroixluizet.net\/accueil\/informations-pratiques\/\" data-type=\"page\" data-id=\"54\">nous contacter<\/a> si <strong>vous avez des questions au sujet de votre ou vos enfant(s)<\/strong> ou simplement pour nous <strong>proposer des id\u00e9es<\/strong> ou <strong>participer \u00e0 la vie de l\u2019\u00e9cole<\/strong>.<\/p>\n<\/div>\n<\/div>\n\n\n\n<p class=\"has-text-align-right\"><em>L&rsquo;association des parents d&rsquo;\u00e9l\u00e8ves<\/em><\/p>\n\n\n\n<p><\/p>\n\n\n\n<hr \/>\n<p>\u00a0<\/p>\n<\/div><\/div>\n\n\n\n<style><\/style><div class=\"wplp_outside wplp_widget_2324\" style=\"max-width:100%;\"><span class=\"wpcu_block_title\">Derniers articles du blog<\/span><div id=\"wplp_widget_2324\" class=\"wplp_widget_default wplp_container vertical swiper wplp-swiper default cols3\" data-theme=\"default\" data-post=\"2324\" style=\"\" data-max-elts=\"30\" data-per-page=\"10\"><div class=\"wplp_listposts swiper-wrapper\" id=\"default_2324\" style=\"width: 100%;\" ><div class=\"swiper-slide\" style=\"\"><div class=\"insideframe\"><div id=\"wplp_box_top_2324_2734\" class=\"wpcu-front-box top equalHeightImg\" ><div class=\"wplp-box-item\"><a href=\"http:\/\/apecroixluizet.net\/accueil\/2025\/12\/test\/\"  class=\"thumbnail\"><span class=\"img_cropper\" style=\"margin-right:3px;margin-bottom:5px;margin-left:3px;max-width:100%;\"><img decoding=\"async\" src=\"http:\/\/apecroixluizet.net\/accueil\/wp-content\/plugins\/wp-latest-posts\/img\/default-image.svg\" style=\"aspect-ratio:4\/3;\" srcset=\"\" alt=\"La f\u00eate de l&rsquo;Hiver 2025\"  class=\"wplp_default\" \/><\/span><\/a><a href=\"http:\/\/apecroixluizet.net\/accueil\/2025\/12\/test\/\"  class=\"title\">La f\u00eate de l&rsquo;Hiver 2025<\/a><\/div><\/div><div id=\"wplp_box_left_2324_2734\" class=\"wpcu-front-box left wpcu-custom-position\" ><div class=\"wplp-box-item\"><\/div><\/div><div id=\"wplp_box_right_2324_2734\" class=\"wpcu-front-box right wpcu-custom-position\" ><div class=\"wplp-box-item\"><\/div><\/div><div id=\"wplp_box_bottom_2324_2734\" class=\"wpcu-front-box bottom \" ><div class=\"wplp-box-item\"><span class=\"date\">12 d\u00e9cembre 2025<\/span><span class=\"text\"><span style=\"max-height:2.8em\" class=\"line_limit\">L\u2019APE Croix Luizet a le plaisir de vous inviter \u00e0 la&nbsp;F\u00eate de l\u2019Hiver, le&nbsp;vendredi 19 d\u00e9cembre 2025, plac\u00e9e cette ann\u00e9e sous le signe du&nbsp;conte.\n\n\n\nDeux temps de contes sont propos\u00e9s :\n\n\n\n\nMaternelles (3\u20136 ans)&nbsp;: go\u00fbter partag\u00e9 d\u00e8s&nbsp;17h, conte \u00e0&nbsp;17h30\n\n\n\n\u00c9l\u00e9mentaires (6\u201312 ans)&nbsp;: ap\u00e9ritif partag\u00e9 d\u00e8s&nbsp;18h30, conte \u00e0&nbsp;19h\n\n\n\n\nTarifs :&nbsp;3 \u20ac par personne pour un conte \/ 5 \u20ac par personne pour les deux contes.&nbsp;Le nombre de places est limit\u00e9 \u00e0 la capacit\u00e9 de la salle&nbsp;!Enfants non scolaris\u00e9s de moins de 3 ans : gratuit.\n\n\n\nInscriptions uniquement en ligne : https:\/\/www.helloasso.com\/associations\/ape-croix-luizet\/evenements\/fete-de-l-hiver&nbsp;&nbsp;(Attention : contribution HelloAsso modifiable : s\u00e9lectionner 0 \u20ac si souhait\u00e9.)\n\n\n\nLes contes seront propos\u00e9s par la&nbsp;compagnie Tout Conte Fait, avec&nbsp;les histoires de&nbsp;Muirgheal, interpr\u00e9t\u00e9es par&nbsp;Muriel Berthelot.\n\n\n\nNous vous attendons nombreux pour partager cette soir\u00e9e conviviale et f\u00e9erique !<\/span><span style=\"margin-left:3px; max-height:2.8em\" class=\"line_limit\"> [...]<\/span><\/span><span class=\"custom_fields\">\n<!-- WPLP Unknown field: Custom_Fields -->\n<\/span><\/div><\/div><\/div><\/div><div class=\"swiper-slide\" style=\"\"><div class=\"insideframe\"><div id=\"wplp_box_top_2324_2714\" class=\"wpcu-front-box top equalHeightImg\" ><div class=\"wplp-box-item\"><a href=\"http:\/\/apecroixluizet.net\/accueil\/2025\/04\/vive-le-printemps\/\"  class=\"thumbnail\"><span class=\"img_cropper\" style=\"margin-right:3px;margin-bottom:5px;margin-left:3px;max-width:100%;\"><img decoding=\"async\" src=\"http:\/\/apecroixluizet.net\/accueil\/wp-content\/uploads\/2025\/04\/carnaval-edited.png\" style=\"aspect-ratio:4\/3;\" srcset=\"http:\/\/apecroixluizet.net\/accueil\/wp-content\/uploads\/2025\/04\/carnaval-edited.png 548w, http:\/\/apecroixluizet.net\/accueil\/wp-content\/uploads\/2025\/04\/carnaval-edited-215x300.png 215w\" alt=\"Vive le printemps !\" class=\"wplp_thumb\" \/><\/span><\/a><a href=\"http:\/\/apecroixluizet.net\/accueil\/2025\/04\/vive-le-printemps\/\"  class=\"title\">Vive le printemps !<\/a><\/div><\/div><div id=\"wplp_box_left_2324_2714\" class=\"wpcu-front-box left wpcu-custom-position\" ><div class=\"wplp-box-item\"><\/div><\/div><div id=\"wplp_box_right_2324_2714\" class=\"wpcu-front-box right wpcu-custom-position\" ><div class=\"wplp-box-item\"><\/div><\/div><div id=\"wplp_box_bottom_2324_2714\" class=\"wpcu-front-box bottom \" ><div class=\"wplp-box-item\"><span class=\"date\">8 avril 2025<\/span><span class=\"text\"><span style=\"max-height:2.8em\" class=\"line_limit\">Vous l&rsquo;avez remarqu\u00e9 comme nous, le printemps est l\u00e0 !  L&rsquo;APE a le plaisir de vous inviter \u00e0 un moment festif et convivial \u00e0 vivre en famille pour le f\u00eater le samedi 12 avril ! Le programme sera en plusieurs temps :\n\n\n\n14h : Chasse aux \u0153ufs\n\n\n\nAvant la f\u00eate, venez participer \u00e0 notre chasse aux \u0153ufs au grand air : le Lapin Blanc a cach\u00e9 plein d&rsquo;\u0153ufs color\u00e9s\u2026 Il compte sur vos enfants pour les retrouver ! \n\n\n\nDans un lieu secret qui vous sera communiqu\u00e9 apr\u00e8s inscription, chaque enfant devra trouver 3 \u0153ufs pour les \u00e9changer contre une gourmandise chocolat\u00e9e. Pour participer, il faudra d&rsquo;abord vous inscrire en ligne ( obligatoire, les places sont limit\u00e9es) :  https:\/\/www.helloasso.com\/associations\/ape-croix-luizet\/evenements\/chasse-aux-oeufs\n\n\n\nD\u00e9tails pratiques :&#8211; 2 \u20ac par enfant (de 3 \u00e0 12 ans)&#8211; la pr\u00e9sence d&rsquo;un parent accompagnateur est obligatoire &#8211; les petits fr\u00e8res et s\u0153urs sont les bienvenus, mais ils devront partager la r\u00e9compense de leur grand fr\u00e8re ou s\u0153ur !\n\n\n\n15h Carnaval de Printemps, d\u00e9part de La Croizet\n\n\n\n35 rue Armand, Villeurbanne\n\n\n\nD\u00e8s 15h, retrouvez-nous pour notre Carnaval de Printemps !\n\n\n\nVenez d\u00e9guis\u00e9s, munis de tout ce qui peut faire du bruit : maracas, tambourins, djemb\u00e9s, cocottes, cuill\u00e8res en bois\u2026 Tout est permis pour faire vibrer le d\u00e9fil\u00e9 qui d\u00e9marrera en musique \u00e0 15h30 pour un petit tour du quartier\n\n\n\nLe plus beau costume sera r\u00e9compens\u00e9 !\n\n\n\njusqu&rsquo;\u00e0 18h, programme des festivit\u00e9s sur place \n\n\n\n\nAnimation gratuite de ballons sculpt\u00e9s (chiens, \u00e9p\u00e9es\u2026)\n\n\n\nJeux en acc\u00e8s libre et autog\u00e9r\u00e9s\n\n\n\nStand maquillage pour petits et grands (payant)\n\n\n\nBuvette gourmande : hot-dog halal, cr\u00eapes, barbe \u00e0 papa, g\u00e2teaux, boissons\n\n\n\nVente de pochettes surprises de P\u00e2ques, moulins \u00e0 vent, \u0153ufs surprises\n\n\n\n\n\n\n\n\nVenez nombreux partager cette belle journ\u00e9e printani\u00e8re avec nous !\n\n\n\nL&rsquo;\u00e9quipe de l&rsquo;APE\n\n\n\nUne question ? Envie de nous donner un coup de main pour l&rsquo;\u00e9v\u00e9nement ?\n\n\n\nN&rsquo;h\u00e9sitez pas \u00e0 nous contacter \u00e0 : ape.croixluizet@gmail.com \u2014 nous serons ravis de vous accueillir dans l&rsquo;\u00e9quipe !<\/span><span style=\"margin-left:3px; max-height:2.8em\" class=\"line_limit\"> [...]<\/span><\/span><span class=\"custom_fields\">\n<!-- WPLP Unknown field: Custom_Fields -->\n<\/span><\/div><\/div><\/div><\/div><div class=\"swiper-slide\" style=\"\"><div class=\"insideframe\"><div id=\"wplp_box_top_2324_2711\" class=\"wpcu-front-box top equalHeightImg\" ><div class=\"wplp-box-item\"><a href=\"http:\/\/apecroixluizet.net\/accueil\/2025\/04\/sortie-des-ce2\/\"  class=\"thumbnail\"><span class=\"img_cropper\" style=\"margin-right:3px;margin-bottom:5px;margin-left:3px;max-width:100%;\"><img decoding=\"async\" src=\"http:\/\/apecroixluizet.net\/accueil\/wp-content\/plugins\/wp-latest-posts\/img\/default-image.svg\" style=\"aspect-ratio:4\/3;\" srcset=\"\" alt=\"Sortie des CE2\"  class=\"wplp_default\" \/><\/span><\/a><a href=\"http:\/\/apecroixluizet.net\/accueil\/2025\/04\/sortie-des-ce2\/\"  class=\"title\">Sortie des CE2<\/a><\/div><\/div><div id=\"wplp_box_left_2324_2711\" class=\"wpcu-front-box left wpcu-custom-position\" ><div class=\"wplp-box-item\"><\/div><\/div><div id=\"wplp_box_right_2324_2711\" class=\"wpcu-front-box right wpcu-custom-position\" ><div class=\"wplp-box-item\"><\/div><\/div><div id=\"wplp_box_bottom_2324_2711\" class=\"wpcu-front-box bottom \" ><div class=\"wplp-box-item\"><span class=\"date\">2 avril 2025<\/span><span class=\"text\"><span style=\"max-height:2.8em\" class=\"line_limit\">Les enseignantes de CE2 souhaitent organiser une sortie scolaire au mus\u00e9e des sciences de Lyon en fin d&rsquo;ann\u00e9e pour tous leurs \u00e9l\u00e8ves. \n\n\n\nAfin de contribuer au financement de cette sortie, l&rsquo;APE coorganise avec les enseignantes une vente de g\u00e2teaux le vendredi 11 avril \u00e0 la sortie des classes.\n\n\n\nMerci d&rsquo;avance de votre g\u00e9n\u00e9rosit\u00e9 pour tous les \u00e9l\u00e8ves de CE2 !\n\n\n\nL&rsquo;association des parents d&rsquo;\u00e9l\u00e8ves<\/span><span style=\"margin-left:3px; max-height:2.8em\" class=\"line_limit\"> [...]<\/span><\/span><span class=\"custom_fields\">\n<!-- WPLP Unknown field: Custom_Fields -->\n<\/span><\/div><\/div><\/div><\/div><div class=\"swiper-slide\" style=\"\"><div class=\"insideframe\"><div id=\"wplp_box_top_2324_2708\" class=\"wpcu-front-box top equalHeightImg\" ><div class=\"wplp-box-item\"><a href=\"http:\/\/apecroixluizet.net\/accueil\/2025\/03\/chocolats-de-paques\/\"  class=\"thumbnail\"><span class=\"img_cropper\" style=\"margin-right:3px;margin-bottom:5px;margin-left:3px;max-width:100%;\"><img decoding=\"async\" src=\"http:\/\/apecroixluizet.net\/accueil\/wp-content\/plugins\/wp-latest-posts\/img\/default-image.svg\" style=\"aspect-ratio:4\/3;\" srcset=\"\" alt=\"Chocolats de P\u00e2ques\"  class=\"wplp_default\" \/><\/span><\/a><a href=\"http:\/\/apecroixluizet.net\/accueil\/2025\/03\/chocolats-de-paques\/\"  class=\"title\">Chocolats de P\u00e2ques<\/a><\/div><\/div><div id=\"wplp_box_left_2324_2708\" class=\"wpcu-front-box left wpcu-custom-position\" ><div class=\"wplp-box-item\"><\/div><\/div><div id=\"wplp_box_right_2324_2708\" class=\"wpcu-front-box right wpcu-custom-position\" ><div class=\"wplp-box-item\"><\/div><\/div><div id=\"wplp_box_bottom_2324_2708\" class=\"wpcu-front-box bottom \" ><div class=\"wplp-box-item\"><span class=\"date\">25 mars 2025<\/span><span class=\"text\"><span style=\"max-height:2.8em\" class=\"line_limit\">Vos enfants ont re\u00e7u \u00e0 la rentr\u00e9e des derni\u00e8res vacances le catalogue des Chocolats du C\u0153ur. Feuilletez-le vite ! Vous pouvez \u00e9galement directement consulter le catalogue en ligne :\u00a0https:\/\/it4v7.interactiv-doc.fr\/html\/Catalogue_Saveurs_Chocolats_pdf_735\n\n\n\nJusqu&rsquo;\u00e0 30 % du montant de vos commandes sera revers\u00e9 \u00e0 l&rsquo;association pour financer ses projets. Les b\u00e9n\u00e9fices de cette vente serviront \u00e0 l&rsquo;organisation des f\u00eates de fin d\u2019ann\u00e9e :\n\n\n\n\n\u00c9l\u00e9mentaire : vendredi 13 juin\n\n\n\nMaternelle : vendredi 20 juin\n\n\n\n\nAlors, n\u2019h\u00e9sitez pas \u00e0 en faire profiter votre famille, vos amis, vos voisins et m\u00eame vos coll\u00e8gues !\n\n\n\nComment commander ?\n\n\n\n\u2705 Uniquement en ligne\u2705 Paiement s\u00e9curis\u00e9 par carte bancaire\n\n\n\nAcc\u00e9dez \u00e0 la boutique : asso.initiatives.frCode d\u2019acc\u00e8s : XURIIV\n\n\n\nIl ne reste plus que quelques jours pour passer commande : date limite le lundi 31 mars:\n\n\n\nLes commandes seront distribu\u00e9es directement en classe \u00e0 votre enfant.\n\n\n\nUn grand merci \u00e0 vous pour votre soutien !\n\n\n\nLes membres de l\u2019APE \u00c9coles Croix Luizet\n\n\n\nApe.croixluizet@gmail.com&nbsp;<\/span><span style=\"margin-left:3px; max-height:2.8em\" class=\"line_limit\"> [...]<\/span><\/span><span class=\"custom_fields\">\n<!-- WPLP Unknown field: Custom_Fields -->\n<\/span><\/div><\/div><\/div><\/div><div class=\"swiper-slide\" style=\"\"><div class=\"insideframe\"><div id=\"wplp_box_top_2324_2695\" class=\"wpcu-front-box top equalHeightImg\" ><div class=\"wplp-box-item\"><a href=\"http:\/\/apecroixluizet.net\/accueil\/2024\/11\/soiree-de-noel\/\"  class=\"thumbnail\"><span class=\"img_cropper\" style=\"margin-right:3px;margin-bottom:5px;margin-left:3px;max-width:100%;\"><img decoding=\"async\" src=\"http:\/\/apecroixluizet.net\/accueil\/wp-content\/plugins\/wp-latest-posts\/img\/default-image.svg\" style=\"aspect-ratio:4\/3;\" srcset=\"\" alt=\"Soir\u00e9e de No\u00ebl\"  class=\"wplp_default\" \/><\/span><\/a><a href=\"http:\/\/apecroixluizet.net\/accueil\/2024\/11\/soiree-de-noel\/\"  class=\"title\">Soir\u00e9e de No\u00ebl<\/a><\/div><\/div><div id=\"wplp_box_left_2324_2695\" class=\"wpcu-front-box left wpcu-custom-position\" ><div class=\"wplp-box-item\"><\/div><\/div><div id=\"wplp_box_right_2324_2695\" class=\"wpcu-front-box right wpcu-custom-position\" ><div class=\"wplp-box-item\"><\/div><\/div><div id=\"wplp_box_bottom_2324_2695\" class=\"wpcu-front-box bottom \" ><div class=\"wplp-box-item\"><span class=\"date\">28 novembre 2024<\/span><span class=\"text\"><span style=\"max-height:2.8em\" class=\"line_limit\">Chers parents,\n\n\n\nNous avons le plaisir de vous annoncer la tenue de notre&nbsp;F\u00eate de l\u2019Hiver, organis\u00e9e par l&rsquo;association, qui se tiendra le&nbsp;samedi 14 d\u00e9cembre&nbsp;au&nbsp;Centre Social de La Croizet (35 rue Armand), de&nbsp;15h \u00e0 19h.\n\n\n\nAu programme :\n\n\n\n\n15h30 :&nbsp;Temps de conte anim\u00e9 par Ernest Afriyi\u00e9\n\n\n\n17h30 :&nbsp;Glow Party\n\n\n\nAteliers cr\u00e9atifs&nbsp;: maquillage, dessin et d\u00e9coration de No\u00ebl\n\n\n\nBuvette payante tenue par l\u2019APE, avec des douceurs sal\u00e9es (hot-dog, pizza) et sucr\u00e9es (cr\u00eapes, gaufres, g\u00e2teaux, barbe \u00e0 papa) ainsi que des boissons.\n\n\n\n\nTarif :\n\n\n\n\n3 \u20ac par personne\n\n\n\nGratuit pour les moins de 3 ans\n\n\n\n\nLes places \u00e9tant limit\u00e9es, les inscriptions sont ouvertes :\n\n\n\n\nEn ligne :https:\/\/www.helloasso.com\/associations\/ape-croix-luizet\/evenements\/fete-de-l-hiver-ape-croix-luizet\n\n\n\nUne permanence&nbsp;pour les&nbsp;inscriptions papier&nbsp;sera tenue le&nbsp;vendredi 29 novembre, \u00e0&nbsp;8h20 et 16h30, devant les \u00e9coles \u00e9l\u00e9mentaire et maternelle&nbsp;dans la limite des places disponibles.\n\n\n\n\nNous avons h\u00e2te de partager ce moment festif avec vous !Un grand merci pour votre soutien et votre participation.\n\n\n\n\u00c0 tr\u00e8s bient\u00f4t,Les membres de l\u2019association \n\n\n\nape.croixluizet@gmail.com<\/span><span style=\"margin-left:3px; max-height:2.8em\" class=\"line_limit\"> [...]<\/span><\/span><span class=\"custom_fields\">\n<!-- WPLP Unknown field: Custom_Fields -->\n<\/span><\/div><\/div><\/div><\/div><div class=\"swiper-slide\" style=\"\"><div class=\"insideframe\"><div id=\"wplp_box_top_2324_2690\" class=\"wpcu-front-box top equalHeightImg\" ><div class=\"wplp-box-item\"><a href=\"http:\/\/apecroixluizet.net\/accueil\/2024\/11\/ventes-de-chocolats-pour-noel\/\"  class=\"thumbnail\"><span class=\"img_cropper\" style=\"margin-right:3px;margin-bottom:5px;margin-left:3px;max-width:100%;\"><img decoding=\"async\" src=\"http:\/\/apecroixluizet.net\/accueil\/wp-content\/uploads\/2024\/11\/image.png\" style=\"aspect-ratio:4\/3;\" srcset=\"http:\/\/apecroixluizet.net\/accueil\/wp-content\/uploads\/2024\/11\/image.png 548w, http:\/\/apecroixluizet.net\/accueil\/wp-content\/uploads\/2024\/11\/image-300x221.png 300w\" alt=\"Ventes de chocolats pour No\u00ebl\" class=\"wplp_thumb\" \/><\/span><\/a><a href=\"http:\/\/apecroixluizet.net\/accueil\/2024\/11\/ventes-de-chocolats-pour-noel\/\"  class=\"title\">Ventes de chocolats pour No\u00ebl<\/a><\/div><\/div><div id=\"wplp_box_left_2324_2690\" class=\"wpcu-front-box left wpcu-custom-position\" ><div class=\"wplp-box-item\"><\/div><\/div><div id=\"wplp_box_right_2324_2690\" class=\"wpcu-front-box right wpcu-custom-position\" ><div class=\"wplp-box-item\"><\/div><\/div><div id=\"wplp_box_bottom_2324_2690\" class=\"wpcu-front-box bottom \" ><div class=\"wplp-box-item\"><span class=\"date\">8 novembre 2024<\/span><span class=\"text\"><span style=\"max-height:2.8em\" class=\"line_limit\">Chocolats de No\u00ebl : Un geste gourmand pour des f\u00eates de l&rsquo;\u00e9cole inoubliables !\n\n\n\n\n\n\n\nBonjour \u00e0 tous !\n\n\n\nNous organisons cette ann\u00e9e une vente de chocolats pour No\u00ebl. Nous avons choisi des chocolats fabriqu\u00e9s en France. Certains sont issus du commerce \u00e9quitable et\/ou de l\u2019agriculture biologique. Feuilletez-vite le catalogue ! Il vient juste d\u2019\u00eatre distribu\u00e9 aux \u00e9l\u00e8ves. Vous pouvez aussi le consulter en ligne : https:\/\/it4v7.interactiv-doc.fr\/html\/Catalogue_Saveurs_Chocolats_pdf_735\n\n\n\n\n\n\nLes f\u00eates de No\u00ebl sont l\u2019occasion de d\u00e9guster et d\u2019offrir des chocolats. N&rsquo;attendez plus pour vous faire plaisir ! Vous b\u00e9n\u00e9ficiez de 20% de remise sur tout le catalogue.\n\n\n\nEn plus vous faites une bonne action! Jusqu&rsquo;\u00e0 30% du montant des commandes est revers\u00e9 \u00e0 l&rsquo;association pour financer ses projets. Alors n\u2019h\u00e9sitez pas et faites-en profiter votre famille, vos amis, vos voisins et m\u00eame vos coll\u00e8gues !\n\n\n\nPour commander, c\u2019est simple !\n\n\n\n\nCommandez uniquement sur notre boutique en ligne (pas de commande papier) et r\u00e9glez directement par carte bancaire.\n\n\n\nAcc\u00e8s \u00e0 la boutique : asso.initiatives.fr\n\n\n\nCode d\u2019acc\u00e8s : WMFTIV\n\n\n\n\nLa date limite pour passer commande est le : samedi 16 novembreVotre commande sera distribu\u00e9e \u00e0 votre enfant, avant les vacances de No\u00ebl, directement en classe.\n\n\n\nUn grand merci \u00e0 vous pour votre participation.&nbsp;\n\n\n\nLes membres de l&rsquo;APE ECOLES CROIX LUIZET<\/span><span style=\"margin-left:3px; max-height:2.8em\" class=\"line_limit\"> [...]<\/span><\/span><span class=\"custom_fields\">\n<!-- WPLP Unknown field: Custom_Fields -->\n<\/span><\/div><\/div><\/div><\/div><div class=\"swiper-slide\" style=\"\"><div class=\"insideframe\"><div id=\"wplp_box_top_2324_2666\" class=\"wpcu-front-box top equalHeightImg\" ><div class=\"wplp-box-item\"><a href=\"http:\/\/apecroixluizet.net\/accueil\/2024\/09\/cest-la-rentree-3\/\"  class=\"thumbnail\"><span class=\"img_cropper\" style=\"margin-right:3px;margin-bottom:5px;margin-left:3px;max-width:100%;\"><img decoding=\"async\" src=\"http:\/\/apecroixluizet.net\/accueil\/wp-content\/uploads\/2020\/08\/RentreeScolaire2020.jpg\" style=\"aspect-ratio:4\/3;\" srcset=\"http:\/\/apecroixluizet.net\/accueil\/wp-content\/uploads\/2020\/08\/RentreeScolaire2020.jpg 1900w, http:\/\/apecroixluizet.net\/accueil\/wp-content\/uploads\/2020\/08\/RentreeScolaire2020-300x200.jpg 300w, http:\/\/apecroixluizet.net\/accueil\/wp-content\/uploads\/2020\/08\/RentreeScolaire2020-1024x683.jpg 1024w, http:\/\/apecroixluizet.net\/accueil\/wp-content\/uploads\/2020\/08\/RentreeScolaire2020-768x512.jpg 768w, http:\/\/apecroixluizet.net\/accueil\/wp-content\/uploads\/2020\/08\/RentreeScolaire2020-1536x1024.jpg 1536w\" alt=\"C&rsquo;est la rentr\u00e9e !\" class=\"wplp_thumb\" \/><\/span><\/a><a href=\"http:\/\/apecroixluizet.net\/accueil\/2024\/09\/cest-la-rentree-3\/\"  class=\"title\">C&rsquo;est la rentr\u00e9e !<\/a><\/div><\/div><div id=\"wplp_box_left_2324_2666\" class=\"wpcu-front-box left wpcu-custom-position\" ><div class=\"wplp-box-item\"><\/div><\/div><div id=\"wplp_box_right_2324_2666\" class=\"wpcu-front-box right wpcu-custom-position\" ><div class=\"wplp-box-item\"><\/div><\/div><div id=\"wplp_box_bottom_2324_2666\" class=\"wpcu-front-box bottom \" ><div class=\"wplp-box-item\"><span class=\"date\">2 septembre 2024<\/span><span class=\"text\"><span style=\"max-height:2.8em\" class=\"line_limit\">Nous esp\u00e9rons que la rentr\u00e9e s&rsquo;est bien pass\u00e9e pour les petits comme pour les grands !\n\n\n\n\n\n\n\nCe sera bient\u00f4t la p\u00e9riode des \u00e9lections de parents d\u00e9l\u00e9gu\u00e9s. Et si vous rejoigniez l&rsquo;association des parents d&rsquo;\u00e9l\u00e8ves cette ann\u00e9e ?\n\n\n\nL&rsquo;Association des Parents d&rsquo;\u00c9l\u00e8ves (APE) de l\u2019\u00e9cole Croix-Luizet a pour vocation de renforcer le lien entre les familles et l&rsquo;\u00e9cole. Notre mission principale est de repr\u00e9senter les int\u00e9r\u00eats des parents et de participer activement \u00e0 la vie scolaire de nos enfants. Nous organisons et soutenons des projets \u00e9ducatifs, culturels et sportifs, tout en veillant \u00e0 maintenir un dialogue constructif avec les enseignants et l&rsquo;administration.\n\n\n\nPourquoi rejoindre l&rsquo;APE ?\n\n\n\nRepr\u00e9sentation : D\u00e9fendre les int\u00e9r\u00eats des familles au sein des instances scolaires.Implication : Participer \u00e0 la mise en place d&rsquo;activit\u00e9s qui enrichissent le quotidien de nos enfants et\/ou qui aident au financement des sorties scolaires.Information : \u00catre inform\u00e9 et participer aux d\u00e9cisions importantes de l&rsquo;\u00e9cole.\n\n\n\nNous vous invitons \u00e0 notre r\u00e9union de rentr\u00e9e qui aura lieu :\n\n\n\nLe Lundi 9 septembre \u00e0 18h00\u00e0 la Maison Sociale Croix Luizet.\n\n\n\nCe sera l&rsquo;occasion de faire connaissance, de discuter des projets \u00e0 venir et de recueillir vos id\u00e9es et suggestions. \n\n\n\nVotre participation est essentielle pour faire vivre l&rsquo;association et contribuer au bien-\u00eatre de nos enfants !\n\n\n\nNous comptons sur votre pr\u00e9sence !\n\n\n\nL&rsquo;\u00e9quipe de l&rsquo;APE<\/span><span style=\"margin-left:3px; max-height:2.8em\" class=\"line_limit\"> [...]<\/span><\/span><span class=\"custom_fields\">\n<!-- WPLP Unknown field: Custom_Fields -->\n<\/span><\/div><\/div><\/div><\/div><div class=\"swiper-slide\" style=\"\"><div class=\"insideframe\"><div id=\"wplp_box_top_2324_2660\" class=\"wpcu-front-box top equalHeightImg\" ><div class=\"wplp-box-item\"><a href=\"http:\/\/apecroixluizet.net\/accueil\/2024\/07\/des-etiquettes-pour-la-rentree\/\"  class=\"thumbnail\"><span class=\"img_cropper\" style=\"margin-right:3px;margin-bottom:5px;margin-left:3px;max-width:100%;\"><img decoding=\"async\" src=\"http:\/\/apecroixluizet.net\/accueil\/wp-content\/plugins\/wp-latest-posts\/img\/default-image.svg\" style=\"aspect-ratio:4\/3;\" srcset=\"\" alt=\"Des \u00e9tiquettes pour la rentr\u00e9e\"  class=\"wplp_default\" \/><\/span><\/a><a href=\"http:\/\/apecroixluizet.net\/accueil\/2024\/07\/des-etiquettes-pour-la-rentree\/\"  class=\"title\">Des \u00e9tiquettes pour la rentr\u00e9e<\/a><\/div><\/div><div id=\"wplp_box_left_2324_2660\" class=\"wpcu-front-box left wpcu-custom-position\" ><div class=\"wplp-box-item\"><\/div><\/div><div id=\"wplp_box_right_2324_2660\" class=\"wpcu-front-box right wpcu-custom-position\" ><div class=\"wplp-box-item\"><\/div><\/div><div id=\"wplp_box_bottom_2324_2660\" class=\"wpcu-front-box bottom \" ><div class=\"wplp-box-item\"><span class=\"date\">8 juillet 2024<\/span><span class=\"text\"><span style=\"max-height:2.8em\" class=\"line_limit\">Chers parents,\n\n\n\nAvant de partir en vacances, l&rsquo;APE des \u00e9coles Croix-Luizet vous propose une solution pour \u00e9viter le chaos de la rentr\u00e9e : des \u00e9tiquettes personnalis\u00e9es au nom de votre enfant ! Finies les affaires perdues, bonjour la tranquillit\u00e9 d&rsquo;esprit !\n\n\n\n\n\n\n\nVoici nos offres irr\u00e9sistibles :\n\n\n\nLe Carnet de 80 \u00e9tiquettes pour 6 euros :28 \u00e9tiquettes thermocollantes (pour les v\u00eatements r\u00e9calcitrants)18 grandes \u00e9tiquettes autocollantes (pour les objets imposants)10 \u00e9tiquettes autocollantes rondes (pour les amateurs de rondeurs)6 \u00e9tiquettes pour les chaussures (adieu les baskets orphelines)18 mini \u00e9tiquettes autocollantes (pour les petites affaires \u00e0 grandes chances de perte)Le Carnet de 160 \u00e9tiquettes pour seulement 10 euros : m\u00eames cat\u00e9gories, mais deux fois plus de fun !Des bracelets par lots de 10 \u00e0 4 euros : pour les poignets coquets et bien identifi\u00e9s.\n\n\n\nPour participer \u00e0 cette op\u00e9ration, rien de plus simple : rendez-vous sur https:\/\/www.initiatives-etiquettes.fr , section \u00ab\u00a0Espace Parents\u00a0\u00bb, et saisissez le code d&rsquo;acc\u00e8s v608548722 . Personnalisez vos \u00e9tiquettes selon vos go\u00fbts et commandez sans mod\u00e9ration !La date limite pour passer commande est le 19 juillet.\n\n\n\nApr\u00e8s cette date, vous recevrez un email pour r\u00e9gler par carte bancaire. Les commandes seront \u00e0 r\u00e9cup\u00e9rer :le lundi 2 septembre de 8h30 \u00e0 10h30 au Caf\u00e9 des Parents, c\u00f4t\u00e9 maternelle.\n\n\n\nMerci pour votre participation et bon \u00e9t\u00e9 \u00e0 tous !\n\n\n\nL&rsquo;Association des Parentsape.croixluizet@gmail.com<\/span><span style=\"margin-left:3px; max-height:2.8em\" class=\"line_limit\"> [...]<\/span><\/span><span class=\"custom_fields\">\n<!-- WPLP Unknown field: Custom_Fields -->\n<\/span><\/div><\/div><\/div><\/div><div class=\"swiper-slide\" style=\"\"><div class=\"insideframe\"><div id=\"wplp_box_top_2324_2652\" class=\"wpcu-front-box top equalHeightImg\" ><div class=\"wplp-box-item\"><a href=\"http:\/\/apecroixluizet.net\/accueil\/2024\/06\/fete-de-fin-dannee-a-lecole-elementaire\/\"  class=\"thumbnail\"><span class=\"img_cropper\" style=\"margin-right:3px;margin-bottom:5px;margin-left:3px;max-width:100%;\"><img decoding=\"async\" src=\"http:\/\/apecroixluizet.net\/accueil\/wp-content\/plugins\/wp-latest-posts\/img\/default-image.svg\" style=\"aspect-ratio:4\/3;\" srcset=\"\" alt=\"F\u00eates de fin d&rsquo;ann\u00e9e\"  class=\"wplp_default\" \/><\/span><\/a><a href=\"http:\/\/apecroixluizet.net\/accueil\/2024\/06\/fete-de-fin-dannee-a-lecole-elementaire\/\"  class=\"title\">F\u00eates de fin d&rsquo;ann\u00e9e<\/a><\/div><\/div><div id=\"wplp_box_left_2324_2652\" class=\"wpcu-front-box left wpcu-custom-position\" ><div class=\"wplp-box-item\"><\/div><\/div><div id=\"wplp_box_right_2324_2652\" class=\"wpcu-front-box right wpcu-custom-position\" ><div class=\"wplp-box-item\"><\/div><\/div><div id=\"wplp_box_bottom_2324_2652\" class=\"wpcu-front-box bottom \" ><div class=\"wplp-box-item\"><span class=\"date\">4 juin 2024<\/span><span class=\"text\"><span style=\"max-height:2.8em\" class=\"line_limit\">Chers parents,\n\n\n\nQue les beaux jours soient l\u00e0 ou qu&rsquo;on les attende encore, une chose est s\u00fbre : les vacances d&rsquo;\u00e9t\u00e9 arrivent pour le plus grand bonheur de nos enfants ! Pour c\u00e9l\u00e9brer la fin de l&rsquo;ann\u00e9e scolaire, les \u00e9quipes enseignantes, les \u00e9quipes du p\u00e9riscolaire et les parents \u00e9lus vous invitent \u00e0 un \u00e9v\u00e9nement festif et gourmand le 14 juin 2024 dans l&rsquo;enceinte de l&rsquo;\u00e9cole \u00e9l\u00e9mentaire Croix Luizet, d\u00e8s 16h50. Au programme : un spectacle de vos enfants, une exposition de leurs \u0153uvres, des jeux en bois pour petits et grands, et bien s\u00fbr, de quoi se r\u00e9galer !\n\n\n\n\n\n\n\nEt \u00e0 19h, ne manquez surtout pas le tirage de la grande tombola de fin d&rsquo;ann\u00e9e. Les tickets de tombola sont disponibles en pr\u00e9-vente aupr\u00e8s de l&rsquo;APE ce jeudi 6 juin et vendredi 7 juin de 16h30 \u00e0 17h30 devant l&rsquo;\u00e9cole \u00e9l\u00e9mentaire, au prix de 3 euros le ticket. Qui sait, peut-\u00eatre partirez-vous \u00e0 v\u00e9lo ou avec une PS5 sous le bras ?\n\n\n\n\n\n\n\nPour les \u00e9l\u00e8ves en maternelle, les festivit\u00e9s se d\u00e9rouleront la semaine suivante, vendredi 21 juin, en deux temps :\n\n\n\nle matin de 9h \u00e0 environ 9h40, la musique sera \u00e0 l&rsquo;honneur avec la chorale des enfants, organis\u00e9e par l&rsquo;\u00e9quipe \u00e9ducative. Le nombre de places \u00e9tant limit\u00e9, il est demand\u00e9 de s&rsquo;inscrire pour y assister, n&rsquo;oubliez pas de remplir le cahier de liaison !le soir de 16h30 \u00e0 18h aura lieu une exposition des travaux des \u00e9l\u00e8ves dans la cour de l&rsquo;\u00e9cole. L&rsquo;APE organisera des jeux, et proposera boissons, barbe \u00e0 papa et g\u00e2teaux pour les petits et les grands !\n\n\n\n\n\n\n\nA l&rsquo;une, \u00e0 l&rsquo;autre ou \u00e0 ces deux f\u00eates, nous esp\u00e9rons vous voir nombreux ! Amusez-vous et tentez votre chance !\n\n\n\nLes parents \u00e9lus de l&rsquo;APE<\/span><span style=\"margin-left:3px; max-height:2.8em\" class=\"line_limit\"> [...]<\/span><\/span><span class=\"custom_fields\">\n<!-- WPLP Unknown field: Custom_Fields -->\n<\/span><\/div><\/div><\/div><\/div><div class=\"swiper-slide\" style=\"\"><div class=\"insideframe\"><div id=\"wplp_box_top_2324_2647\" class=\"wpcu-front-box top equalHeightImg\" ><div class=\"wplp-box-item\"><a href=\"http:\/\/apecroixluizet.net\/accueil\/2024\/05\/vider-son-grenier\/\"  class=\"thumbnail\"><span class=\"img_cropper\" style=\"margin-right:3px;margin-bottom:5px;margin-left:3px;max-width:100%;\"><img decoding=\"async\" src=\"http:\/\/apecroixluizet.net\/accueil\/wp-content\/plugins\/wp-latest-posts\/img\/default-image.svg\" style=\"aspect-ratio:4\/3;\" srcset=\"\" alt=\"Vider son grenier\"  class=\"wplp_default\" \/><\/span><\/a><a href=\"http:\/\/apecroixluizet.net\/accueil\/2024\/05\/vider-son-grenier\/\"  class=\"title\">Vider son grenier<\/a><\/div><\/div><div id=\"wplp_box_left_2324_2647\" class=\"wpcu-front-box left wpcu-custom-position\" ><div class=\"wplp-box-item\"><\/div><\/div><div id=\"wplp_box_right_2324_2647\" class=\"wpcu-front-box right wpcu-custom-position\" ><div class=\"wplp-box-item\"><\/div><\/div><div id=\"wplp_box_bottom_2324_2647\" class=\"wpcu-front-box bottom \" ><div class=\"wplp-box-item\"><span class=\"date\">22 mai 2024<\/span><span class=\"text\"><span style=\"max-height:2.8em\" class=\"line_limit\">Apr\u00e8s la f\u00e8te du printemps, voici le temps du grand nettoyage de printemps !\n\n\n\nVous avez des habits, des jeux ou d&rsquo;autres objets qui encombrent votre appartement et qui pourraient profiter d&rsquo;une seconde vie dans une autre famille ? Vous cherchez une id\u00e9e de cadeau de recup&rsquo; pour le petit dernier ? ou tout simplement vous aimez bien flaner ?L&rsquo;APE a pens\u00e9 \u00e0 vous en organisant un vide-grenier : rendez-vous place Croix Luizet le dimanche 26 Mai d\u00e8s 8h.\n\n\n\nUne buvette vous proposera \u00e0 boire toute la journ\u00e9e, et de quoi grignoter quelque chose autour du d\u00e9jeuner.\n\n\n\nSi vous souhaitez exposer, vous pouvez encore r\u00e9server votre espace en appelant (voir le num\u00e9ro sur affiche ci-dessous).<\/span><span style=\"margin-left:3px; max-height:2.8em\" class=\"line_limit\"> [...]<\/span><\/span><span class=\"custom_fields\">\n<!-- WPLP Unknown field: Custom_Fields -->\n<\/span><\/div><\/div><\/div><\/div><div class=\"swiper-slide\" style=\"\"><div class=\"insideframe\"><div id=\"wplp_box_top_2324_2627\" class=\"wpcu-front-box top equalHeightImg\" ><div class=\"wplp-box-item\"><a href=\"http:\/\/apecroixluizet.net\/accueil\/2024\/03\/fete-du-printemps\/\"  class=\"thumbnail\"><span class=\"img_cropper\" style=\"margin-right:3px;margin-bottom:5px;margin-left:3px;max-width:100%;\"><img decoding=\"async\" src=\"http:\/\/apecroixluizet.net\/accueil\/wp-content\/uploads\/2024\/03\/IMG-20240225-WA0000.jpg\" style=\"aspect-ratio:4\/3;\" srcset=\"http:\/\/apecroixluizet.net\/accueil\/wp-content\/uploads\/2024\/03\/IMG-20240225-WA0000.jpg 1447w, http:\/\/apecroixluizet.net\/accueil\/wp-content\/uploads\/2024\/03\/IMG-20240225-WA0000-212x300.jpg 212w, http:\/\/apecroixluizet.net\/accueil\/wp-content\/uploads\/2024\/03\/IMG-20240225-WA0000-724x1024.jpg 724w, http:\/\/apecroixluizet.net\/accueil\/wp-content\/uploads\/2024\/03\/IMG-20240225-WA0000-768x1087.jpg 768w, http:\/\/apecroixluizet.net\/accueil\/wp-content\/uploads\/2024\/03\/IMG-20240225-WA0000-1085x1536.jpg 1085w\" alt=\"F\u00eate du printemps 2024\" class=\"wplp_thumb\" \/><\/span><\/a><a href=\"http:\/\/apecroixluizet.net\/accueil\/2024\/03\/fete-du-printemps\/\"  class=\"title\">F\u00eate du printemps 2024<\/a><\/div><\/div><div id=\"wplp_box_left_2324_2627\" class=\"wpcu-front-box left wpcu-custom-position\" ><div class=\"wplp-box-item\"><\/div><\/div><div id=\"wplp_box_right_2324_2627\" class=\"wpcu-front-box right wpcu-custom-position\" ><div class=\"wplp-box-item\"><\/div><\/div><div id=\"wplp_box_bottom_2324_2627\" class=\"wpcu-front-box bottom \" ><div class=\"wplp-box-item\"><span class=\"date\">20 mars 2024<\/span><span class=\"text\"><span style=\"max-height:2.8em\" class=\"line_limit\">Chers parents,\n\n\n\nNous sommes ravis de vous convier \u00e0 une journ\u00e9e de festivit\u00e9s ce samedi 23 mars lors de notre f\u00eate du printemps costum\u00e9e. L&rsquo;\u00e9v\u00e9nement se tiendra \u00e0 la maison sociale de Croix Luizet, au 35 Rue Armand, 69100 Villeurbanne, \u00e0 partir de 14h.\n\n\n\nCette journ\u00e9e promet d&rsquo;\u00eatre remplie de joie et de surprises pour nos chers petits et leurs familles. Voici un aper\u00e7u de ce qui vous attend :\n\n\n\nD\u00e8s 14h, des ateliers maquillage gratuits, anim\u00e9s par des parents b\u00e9n\u00e9voles, pour m\u00e9tamorphoser vos enfants en personnages f\u00e9eriques. La vente de masques d&rsquo;animaux pour parfaire leurs d\u00e9guisements, si n\u00e9cessaire. Deux studios photo seront \u00e0 votre disposition afin d&rsquo;immortaliser ces moments magiques.\u00c0 15h, d\u00e9part du Carnaval avec un d\u00e9fil\u00e9 costum\u00e9 en fanfare qui partira de la maison du citoyen (67 Rue Octavie), o\u00f9 petits et grands pourront d\u00e9ambuler dans le quartier avec leurs costumes les plus imaginatifs\u2026 Les deux meilleurs d\u00e9guisements seront r\u00e9compens\u00e9s apr\u00e8s le d\u00e9fil\u00e9 !De 16h \u00e0 17h, une chasse aux \u0153ufs palpitante se d\u00e9roulera dans le parc de la Maison Sociale Croix-Luizet, o\u00f9 la d\u00e9couverte de 3 \u0153ufs de couleurs diff\u00e9rentes permettra \u00e0 vos enfants \u00e2g\u00e9s de 3 \u00e0 12 ans de les \u00e9changer contre des petits \u0153ufs en chocolat aupr\u00e8s du Lapin Blanc (le r\u00e8glement de la chasse aux \u0153ufs est t\u00e9l\u00e9chargeable ci-dessous).Une buvette payante sera \u00e9galement pr\u00e9sente, dont les b\u00e9n\u00e9fices seront revers\u00e9s \u00e0 l&rsquo;Association des Parents d&rsquo;\u00c9l\u00e8ves de Croix Luizet pour soutenir nos projets.\n\n\n\nNous esp\u00e9rons vous voir nombreux \u00e0 cette journ\u00e9e sp\u00e9ciale pour c\u00e9l\u00e9brer l&rsquo;arriv\u00e9e du printemps et partager des moments inoubliables en famille.N&rsquo;h\u00e9sitez pas \u00e0 inviter vos amis et voisins \u00e0 nous rejoindre pour cette occasion festive.Au plaisir de vous retrouver le 23 mars !L&rsquo;Association des Parents d&rsquo;\u00c9l\u00e8ves de Croix Luizet\n\n\n\nRe\u0300glement-de-la-Chasse-aux-OEufs-pour-EnfantsT\u00e9l\u00e9charger<\/span><span style=\"margin-left:3px; max-height:2.8em\" class=\"line_limit\"> [...]<\/span><\/span><span class=\"custom_fields\">\n<!-- WPLP Unknown field: Custom_Fields -->\n<\/span><\/div><\/div><\/div><\/div><div class=\"swiper-slide\" style=\"\"><div class=\"insideframe\"><div id=\"wplp_box_top_2324_2621\" class=\"wpcu-front-box top equalHeightImg\" ><div class=\"wplp-box-item\"><a href=\"http:\/\/apecroixluizet.net\/accueil\/2024\/02\/chocolats\/\"  class=\"thumbnail\"><span class=\"img_cropper\" style=\"margin-right:3px;margin-bottom:5px;margin-left:3px;max-width:100%;\"><img decoding=\"async\" src=\"http:\/\/apecroixluizet.net\/accueil\/wp-content\/uploads\/2024\/02\/Screen-Shot-2024-02-16-at-18.55.37.png\" style=\"aspect-ratio:4\/3;\" srcset=\"http:\/\/apecroixluizet.net\/accueil\/wp-content\/uploads\/2024\/02\/Screen-Shot-2024-02-16-at-18.55.37.png 426w, http:\/\/apecroixluizet.net\/accueil\/wp-content\/uploads\/2024\/02\/Screen-Shot-2024-02-16-at-18.55.37-262x300.png 262w\" alt=\"Chocolats\" class=\"wplp_thumb\" \/><\/span><\/a><a href=\"http:\/\/apecroixluizet.net\/accueil\/2024\/02\/chocolats\/\"  class=\"title\">Chocolats<\/a><\/div><\/div><div id=\"wplp_box_left_2324_2621\" class=\"wpcu-front-box left wpcu-custom-position\" ><div class=\"wplp-box-item\"><\/div><\/div><div id=\"wplp_box_right_2324_2621\" class=\"wpcu-front-box right wpcu-custom-position\" ><div class=\"wplp-box-item\"><\/div><\/div><div id=\"wplp_box_bottom_2324_2621\" class=\"wpcu-front-box bottom \" ><div class=\"wplp-box-item\"><span class=\"date\">16 f\u00e9vrier 2024<\/span><span class=\"text\"><span style=\"max-height:2.8em\" class=\"line_limit\">Chers parents,\n\n\n\n\nL&rsquo;Association des Parents d&rsquo;\u00c9l\u00e8ves de Croix Luizet est ravie de vous proposer une vente de chocolats \u00e0 l&rsquo;approche des f\u00eates de P\u00e2ques. Un catalogue a \u00e9t\u00e9 distribu\u00e9 le 16 F\u00e9vrier \u00e0 tous les enfants de l&rsquo;\u00e9cole (il est aussi disponible en ligne sur asso.initiatives.fr , utiliser le code VJZZPV ).Les chocolats sont fabriqu\u00e9s en France. Certains sont issus du Commerce \u00c9quitable et\/ou de l&rsquo;Agriculture Biologique.\n\n\n\nVous b\u00e9n\u00e9ficiez de 20% de remise sur tout le catalogue par rapport au prix grand public et vous contribuerez \u00e0 financer les projets futurs de l&rsquo;APE \u00e0 destination de vos enfants. Alors n&rsquo;h\u00e9sitez pas et faites-en profiter votre famille, vos amis, vos voisins et m\u00eame vos coll\u00e8gues.\n\n\n\n\nPour commander, c&rsquo;est simple :\n\n\n\nOption 1 (\u00e0 privil\u00e9gier &#8211; option plus simple et rapide) : commande directe en ligne avec paiement par carte bancaire sur asso.initiatives.fr avec le code d&rsquo;acc\u00e8s VJZZPV.Option 2 : bon de commande papier \u00e0 compl\u00e9ter au dos du catalogue et \u00e0 nous remettre imp\u00e9rativement avec votre r\u00e8glement le lundi 04\/03\/2024 au matin. Ch\u00e8que \u00e0 l&rsquo;ordre de l&rsquo;Association des Parents d&rsquo;\u00c9l\u00e8ves de Croix Luizet. Une permanence sera tenue par des parents d&rsquo;\u00e9l\u00e8ves \u00e9lus \u00e0 l&rsquo;\u00e9cole maternelle et \u00e0 l&rsquo;\u00e9cole \u00e9l\u00e9mentaire.\n\n\n\nATTENTION :\n\n\n\naucun bon de commande papier ne pourra \u00eatre trait\u00e9 s&rsquo;il ne nous est pas transmis avec le r\u00e8glement le lundi 04\/03\/2024 pendant la permanence du matin. Vous aurez n\u00e9anmoins encore la possibilit\u00e9 de commander en ligne.en raison des travaux actuels, nous n&rsquo;avons pas acc\u00e8s \u00e0 la bo\u00eete aux lettres de l&rsquo;APE \u00e0 c\u00f4t\u00e9 de la maternelle. Merci de ne rien y d\u00e9poser.\n\n\n\nLa date limite pour passer commande est le lundi 04\/03\/2024.\n\n\n\nToutes les commandes seront r\u00e9ceptionn\u00e9es par nos soins (\u00e0 moins que vous ne choisissiez une livraison \u00e0 domicile \u00e0 vos frais lors de la commande en ligne). Nous organiserons alors des permanences pour vous les distribuer. Nous vous communiquerons les dates, heures et lieux des permanences d\u00e8s que possible.\n\n\n\nSi vous n&rsquo;avez pas pu r\u00e9cup\u00e9rer le catalogue papier, vous pouvez consulter directement la boutique en ligne via le lien communiqu\u00e9 ci-dessus.\n\n\n\nUn grand merci \u00e0 vous de contribuer \u00e0 notre beau projet.N&rsquo;h\u00e9sitez pas \u00e0 nous contacter par email ( ape.croixluizet@gmail.com ) si besoin.\n\n\n\nCordialement,Les parents \u00e9lus<\/span><span style=\"margin-left:3px; max-height:2.8em\" class=\"line_limit\"> [...]<\/span><\/span><span class=\"custom_fields\">\n<!-- WPLP Unknown field: Custom_Fields -->\n<\/span><\/div><\/div><\/div><\/div><div class=\"swiper-slide\" style=\"\"><div class=\"insideframe\"><div id=\"wplp_box_top_2324_2616\" class=\"wpcu-front-box top equalHeightImg\" ><div class=\"wplp-box-item\"><a href=\"http:\/\/apecroixluizet.net\/accueil\/2023\/12\/fete-de-noel\/\"  class=\"thumbnail\"><span class=\"img_cropper\" style=\"margin-right:3px;margin-bottom:5px;margin-left:3px;max-width:100%;\"><img decoding=\"async\" src=\"http:\/\/apecroixluizet.net\/accueil\/wp-content\/plugins\/wp-latest-posts\/img\/default-image.svg\" style=\"aspect-ratio:4\/3;\" srcset=\"\" alt=\"F\u00eate de No\u00ebl\"  class=\"wplp_default\" \/><\/span><\/a><a href=\"http:\/\/apecroixluizet.net\/accueil\/2023\/12\/fete-de-noel\/\"  class=\"title\">F\u00eate de No\u00ebl<\/a><\/div><\/div><div id=\"wplp_box_left_2324_2616\" class=\"wpcu-front-box left wpcu-custom-position\" ><div class=\"wplp-box-item\"><\/div><\/div><div id=\"wplp_box_right_2324_2616\" class=\"wpcu-front-box right wpcu-custom-position\" ><div class=\"wplp-box-item\"><\/div><\/div><div id=\"wplp_box_bottom_2324_2616\" class=\"wpcu-front-box bottom \" ><div class=\"wplp-box-item\"><span class=\"date\">3 d\u00e9cembre 2023<\/span><span class=\"text\"><span style=\"max-height:2.8em\" class=\"line_limit\">L&rsquo;Association des Parents d&rsquo;\u00c9l\u00e8ves de Croix Luizet est ravie de vous proposer une F\u00eate de No\u00ebl qui se tiendra le vendredi 15 d\u00e9cembre \u00e0 partir de 18h \u00e0 la Maison Croix Luizet (35 rue Armand), situ\u00e9e dans le parc.Pour couvrir les frais d&rsquo;organisation, la participation a \u00e9t\u00e9 fix\u00e9e \u00e0 5\u20ac par participant. Tout surplus sera utilis\u00e9 pour l&rsquo;organisation d&rsquo;\u00e9v\u00e9nements futurs par l&rsquo;APE.Voici le programme d\u00e9taill\u00e9 de la soir\u00e9e :&#8211; Contes pour enfants : de 18h30 \u00e0 19h30&#8211; Studio photo de No\u00ebl : 19h30 \u00e0 20h30&#8211; Boum : de 19h30 \u00e0 21h30&#8211; Buffet participatif et festif : de 19h30 \u00e0 21h30 &#8211; Faites-nous d\u00e9couvrir vos sp\u00e9cialit\u00e9s ! L&rsquo;APE se charge des boissons&#8211; Concours de pulls moches pour les parents accompagnateurs : les 3 plus \u00ab\u00a0beaux\u00a0\u00bb seront r\u00e9compens\u00e9s !&#8211; Discussions entre parents\u2026\n\n\n\nPour rappel, la pr\u00e9sence d&rsquo;au moins un parent est obligatoire tout au long de la soir\u00e9e.Nous sommes impatients de partager ce moment festif avec vous et vos enfants !<\/span><span style=\"margin-left:3px; max-height:2.8em\" class=\"line_limit\"> [...]<\/span><\/span><span class=\"custom_fields\">\n<!-- WPLP Unknown field: Custom_Fields -->\n<\/span><\/div><\/div><\/div><\/div><div class=\"swiper-slide\" style=\"\"><div class=\"insideframe\"><div id=\"wplp_box_top_2324_2582\" class=\"wpcu-front-box top equalHeightImg\" ><div class=\"wplp-box-item\"><a href=\"http:\/\/apecroixluizet.net\/accueil\/2023\/09\/presentation-de-lape-2023\/\"  class=\"thumbnail\"><span class=\"img_cropper\" style=\"margin-right:3px;margin-bottom:5px;margin-left:3px;max-width:100%;\"><img decoding=\"async\" src=\"http:\/\/apecroixluizet.net\/accueil\/wp-content\/plugins\/wp-latest-posts\/img\/default-image.svg\" style=\"aspect-ratio:4\/3;\" srcset=\"\" alt=\"Pr\u00e9sentation de l&rsquo;APE 2023\"  class=\"wplp_default\" \/><\/span><\/a><a href=\"http:\/\/apecroixluizet.net\/accueil\/2023\/09\/presentation-de-lape-2023\/\"  class=\"title\">Pr\u00e9sentation de l&rsquo;APE 2023<\/a><\/div><\/div><div id=\"wplp_box_left_2324_2582\" class=\"wpcu-front-box left wpcu-custom-position\" ><div class=\"wplp-box-item\"><\/div><\/div><div id=\"wplp_box_right_2324_2582\" class=\"wpcu-front-box right wpcu-custom-position\" ><div class=\"wplp-box-item\"><\/div><\/div><div id=\"wplp_box_bottom_2324_2582\" class=\"wpcu-front-box bottom \" ><div class=\"wplp-box-item\"><span class=\"date\">4 septembre 2023<\/span><span class=\"text\"><span style=\"max-height:2.8em\" class=\"line_limit\">La r\u00e9union de pr\u00e9sentation de l&rsquo;association aura lieu cette ann\u00e9e le mardi 12 septembre 2023 \u00e0 18h. \n\n\n\nVenez en apprendre plus sur le r\u00f4le des parents \u00e9lus et sur les activit\u00e9s de l&rsquo;association et poser vos questions !\n\n\n\n\nLes repr\u00e9sentants des parents d\u2019\u00e9l\u00e8ves \u00e0 l\u2019\u00e9cole maternelle et \u00e9l\u00e9mentaire sont \u00e9lus chaque ann\u00e9e. En tant que parents d\u00e9l\u00e9gu\u00e9s vous participez \u00e0 la vie de l\u2019\u00e9cole :\n\n\n\n\u2022 en facilitant les relations entre les autres parents et les enseignants,\n\n\n\n\u2022 en portant la voix et les pr\u00e9occupations de chacun lors des conseils des \u00e9coles et aux diff\u00e9rentes instances\n\n\n\n\u2022 en \u00e9changeant sur l\u2019organisation du temps p\u00e9riscolaire, sur l\u2019utilisation des locaux, etc.\n\n\n\n\u2022 en animant l&rsquo;ann\u00e9e scolaire au travers de l&rsquo;organisation de diff\u00e9rentes animations (vide-grenier, march\u00e9 de No\u00ebl, kermesse&#8230;) ainsi que les traditionnelles ventes de g\u00e2teaux avant les vacances\n\n\n\n\nPour vous inscrire :par mail en nous \u00e9crivant \u00e0 ape.croixluizet@gmail.com ou directement lors de la r\u00e9union de pr\u00e9sentation du 12 septembre.\n\n\n\n\nA bient\u00f4t et en attendant, bonne rentr\u00e9e \u00e0 tous, petits et grands !<\/span><span style=\"margin-left:3px; max-height:2.8em\" class=\"line_limit\"> [...]<\/span><\/span><span class=\"custom_fields\">\n<!-- WPLP Unknown field: Custom_Fields -->\n<\/span><\/div><\/div><\/div><\/div><div class=\"swiper-slide\" style=\"\"><div class=\"insideframe\"><div id=\"wplp_box_top_2324_2558\" class=\"wpcu-front-box top equalHeightImg\" ><div class=\"wplp-box-item\"><a href=\"http:\/\/apecroixluizet.net\/accueil\/2023\/06\/fete-de-lecole-16-juin-2023\/\"  class=\"thumbnail\"><span class=\"img_cropper\" style=\"margin-right:3px;margin-bottom:5px;margin-left:3px;max-width:100%;\"><img decoding=\"async\" src=\"http:\/\/apecroixluizet.net\/accueil\/wp-content\/plugins\/wp-latest-posts\/img\/default-image.svg\" style=\"aspect-ratio:4\/3;\" srcset=\"\" alt=\"F\u00eate de l&rsquo;\u00e9cole (16 juin 2023)\"  class=\"wplp_default\" \/><\/span><\/a><a href=\"http:\/\/apecroixluizet.net\/accueil\/2023\/06\/fete-de-lecole-16-juin-2023\/\"  class=\"title\">F\u00eate de l&rsquo;\u00e9cole (16 juin 2023)<\/a><\/div><\/div><div id=\"wplp_box_left_2324_2558\" class=\"wpcu-front-box left wpcu-custom-position\" ><div class=\"wplp-box-item\"><\/div><\/div><div id=\"wplp_box_right_2324_2558\" class=\"wpcu-front-box right wpcu-custom-position\" ><div class=\"wplp-box-item\"><\/div><\/div><div id=\"wplp_box_bottom_2324_2558\" class=\"wpcu-front-box bottom \" ><div class=\"wplp-box-item\"><span class=\"date\">16 juin 2023<\/span><span class=\"text\"><span style=\"max-height:2.8em\" class=\"line_limit\">Pour f\u00eater la fin d&rsquo;ann\u00e9e et conclure en beaut\u00e9 les olympiades de l&rsquo;\u00e9cole, retrouvez l&rsquo;APE le 16 juin !\n\n\n\n\n\n\n\nL&rsquo;APE organise non pas une mais DEUX tombolas (2\u20ac par ticket) :\n\n\n\nune tombola 100% gagnante (tickets \u00e0 gratter). Les tickets seront vendus en pr\u00e9vente devant l&rsquo;\u00e9cole la semaine pr\u00e9c\u00e9dent la f\u00eate. La r\u00e9cup\u00e9ration des lots aura lieu lors de la f\u00eate de l&rsquo;\u00e9cole\n\n\n\n\n\n\n\ntentez votre chance dans une tombola pour gagner par exemple des \u00e9quipements sportifs, ainsi que diff\u00e9rents lots propos\u00e9s par les commer\u00e7ants villeurbannais. Tirage au sort pr\u00e9vu entre 18h et 18h30.\n\n\n\n\n\n\n\nOn n&rsquo;oublie pas non plus de se restaurer :\n\n\n\ng\u00e2teaux, barbe \u00e0 papa et autres douceurs dans la cour de la maternelleBBQ saucisses et frites dans la cour de l&rsquo;\u00e9l\u00e9mentaireboissons fraiches, glaces&#8230;\n\n\n\nVous pourrez acheter les tickets \u00ab\u00a0conso\u00a0\u00bb (nourriture \/ boissons) \u00e0 l&rsquo;entr\u00e9e de la f\u00eate, c\u00f4t\u00e9 \u00e9l\u00e9mentaire. Deux tarifs sont propos\u00e9s :\n\n\n\n\n\n\n\nPour un bref rappel du programme propos\u00e9 par l&rsquo;\u00e9quipe enseignante :\n\n\n\nD\u00e8s 16h, dans les cours \u00e9l\u00e9mentaire et maternelle (pour voir les r\u00e9alisations des enfants).Spectacles de danse des \u00e9l\u00e8ves de primaire entre 16h et 18h.Fin des OlympiadesLe collectif Ananss\u00e9 sera pr\u00e9sent pour la f\u00eate\n\n\n\nA bient\u00f4t \u00e0 la f\u00eate de l&rsquo;\u00e9cole !<\/span><span style=\"margin-left:3px; max-height:2.8em\" class=\"line_limit\"> [...]<\/span><\/span><span class=\"custom_fields\">\n<!-- WPLP Unknown field: Custom_Fields -->\n<\/span><\/div><\/div><\/div><\/div><div class=\"swiper-slide\" style=\"\"><div class=\"insideframe\"><div id=\"wplp_box_top_2324_2495\" class=\"wpcu-front-box top equalHeightImg\" ><div class=\"wplp-box-item\"><a href=\"http:\/\/apecroixluizet.net\/accueil\/2021\/09\/representant-des-parents-deleves-2021-2022\/\"  class=\"thumbnail\"><span class=\"img_cropper\" style=\"margin-right:3px;margin-bottom:5px;margin-left:3px;max-width:100%;\"><img decoding=\"async\" src=\"http:\/\/apecroixluizet.net\/accueil\/wp-content\/uploads\/2021\/09\/papa-eleve.jpg\" style=\"aspect-ratio:4\/3;\" srcset=\"http:\/\/apecroixluizet.net\/accueil\/wp-content\/uploads\/2021\/09\/papa-eleve.jpg 400w, http:\/\/apecroixluizet.net\/accueil\/wp-content\/uploads\/2021\/09\/papa-eleve-300x300.jpg 300w, http:\/\/apecroixluizet.net\/accueil\/wp-content\/uploads\/2021\/09\/papa-eleve-150x150.jpg 150w, http:\/\/apecroixluizet.net\/accueil\/wp-content\/uploads\/2021\/09\/papa-eleve-230x230.jpg 230w, http:\/\/apecroixluizet.net\/accueil\/wp-content\/uploads\/2021\/09\/papa-eleve-365x365.jpg 365w\" alt=\"Repr\u00e9sentant des parents d&rsquo;\u00e9l\u00e8ves 2021\/2022\" class=\"wplp_thumb\" \/><\/span><\/a><a href=\"http:\/\/apecroixluizet.net\/accueil\/2021\/09\/representant-des-parents-deleves-2021-2022\/\"  class=\"title\">Repr\u00e9sentant des parents d&rsquo;\u00e9l\u00e8ves 2021\/2022<\/a><\/div><\/div><div id=\"wplp_box_left_2324_2495\" class=\"wpcu-front-box left wpcu-custom-position\" ><div class=\"wplp-box-item\"><\/div><\/div><div id=\"wplp_box_right_2324_2495\" class=\"wpcu-front-box right wpcu-custom-position\" ><div class=\"wplp-box-item\"><\/div><\/div><div id=\"wplp_box_bottom_2324_2495\" class=\"wpcu-front-box bottom \" ><div class=\"wplp-box-item\"><span class=\"date\">21 septembre 2021<\/span><span class=\"text\"><span style=\"max-height:2.8em\" class=\"line_limit\">Les repr\u00e9sentants des parents d&rsquo;\u00e9l\u00e8ves \u00e0 l&rsquo;\u00e9cole maternelle et \u00e9l\u00e9mentaire sont \u00e9lus chaque ann\u00e9e. \n\n\n\nEn tant que parents d\u00e9l\u00e9gu\u00e9s vous participez \u00e0 la vie de l&rsquo;\u00e9cole : \u2022 en facilitant les relations entre les autres parents et les enseignants, \u2022 en portant la voix et les pr\u00e9occupations de chacun, \u2022 en participant aux conseils des \u00e9coles et aux diff\u00e9rentes instances, \u2022 en \u00e9changeant sur l&rsquo;organisation du temps p\u00e9riscolaire, sur l&rsquo;utilisation des locaux, etc. \n\n\n\n\n\n\n\nCela demande un peu de votre temps quelques fois dans l&rsquo;ann\u00e9e, ainsi, vous aidez \u00e0 faire \u00e9voluer l&rsquo;\u00e9cole, son organisation, et le dialogue entre les autres parents de la classe de votre\/vos enfant(s) et les intervenants (ma\u00eetres\/ma\u00eetresses, ATSEM, directrices, etc.).\n\n\n\nC&rsquo;est important pour votre enfant ! Nous avons besoin d&rsquo;un ou deux parents volontaires par classe. \n\n\n\nVenez vous inscrire : par mail en \u00e9crivant \u00e0 ape.croixluizet@gmail.com ou  lors de la rentr\u00e9e et de la sortie de vos enfants (un parent sera l\u00e0 pour recueillir votre inscription). Inscription avant le 27\/09 maximum.\n\n\n\n\nUne fois les inscriptions recueillies, il y a des \u00e9lections.Les \u00e9lections des repr\u00e9sentants des parents d&rsquo;\u00e9l\u00e8ves se font le vendredi 8 octobre 2021, soit par vote dans l&rsquo;urne \u00e0 l&rsquo;\u00e9cole le jour m\u00eame, soit en remettant \u00e0 la ma\u00eetresse\/ma\u00eetre de votre enfant les enveloppes que vous aurez re\u00e7ues.<\/span><span style=\"margin-left:3px; max-height:2.8em\" class=\"line_limit\"> [...]<\/span><\/span><span class=\"custom_fields\">\n<!-- WPLP Unknown field: Custom_Fields -->\n<\/span><\/div><\/div><\/div><\/div><div class=\"swiper-slide\" style=\"\"><div class=\"insideframe\"><div id=\"wplp_box_top_2324_2481\" class=\"wpcu-front-box top equalHeightImg\" ><div class=\"wplp-box-item\"><a href=\"http:\/\/apecroixluizet.net\/accueil\/2021\/06\/ateliers-des-parents-ne-plus-etre-stresse\/\"  class=\"thumbnail\"><span class=\"img_cropper\" style=\"margin-right:3px;margin-bottom:5px;margin-left:3px;max-width:100%;\"><img decoding=\"async\" src=\"http:\/\/apecroixluizet.net\/accueil\/wp-content\/uploads\/2021\/06\/1.jpg\" style=\"aspect-ratio:4\/3;\" srcset=\"http:\/\/apecroixluizet.net\/accueil\/wp-content\/uploads\/2021\/06\/1.jpg 400w, http:\/\/apecroixluizet.net\/accueil\/wp-content\/uploads\/2021\/06\/1-300x300.jpg 300w, http:\/\/apecroixluizet.net\/accueil\/wp-content\/uploads\/2021\/06\/1-150x150.jpg 150w, http:\/\/apecroixluizet.net\/accueil\/wp-content\/uploads\/2021\/06\/1-230x230.jpg 230w, http:\/\/apecroixluizet.net\/accueil\/wp-content\/uploads\/2021\/06\/1-365x365.jpg 365w\" alt=\"Ateliers des Parents &#8211; ne plus \u00eatre stress\u00e9\" class=\"wplp_thumb\" \/><\/span><\/a><a href=\"http:\/\/apecroixluizet.net\/accueil\/2021\/06\/ateliers-des-parents-ne-plus-etre-stresse\/\"  class=\"title\">Ateliers des Parents &#8211; ne plus \u00eatre stress\u00e9<\/a><\/div><\/div><div id=\"wplp_box_left_2324_2481\" class=\"wpcu-front-box left wpcu-custom-position\" ><div class=\"wplp-box-item\"><\/div><\/div><div id=\"wplp_box_right_2324_2481\" class=\"wpcu-front-box right wpcu-custom-position\" ><div class=\"wplp-box-item\"><\/div><\/div><div id=\"wplp_box_bottom_2324_2481\" class=\"wpcu-front-box bottom \" ><div class=\"wplp-box-item\"><span class=\"date\">18 juin 2021<\/span><span class=\"text\"><span style=\"max-height:2.8em\" class=\"line_limit\">\u00c9V\u00c9NEMENT DOMISSORI &nbsp;EN LIVE FACEBOOK POUR TOUS !\n\n\n\n&#x1f4e3;  Les ateliers des Parents Domissorien continuent !\n\n\n\nVous \u00eates souvent stress\u00e9 par le travail, la routine, les enfants et ne savez pas comment le dompter ?&nbsp;\n\n\n\nVotre stress impacte-t-il l&rsquo;\u00e9ducation &nbsp;de vos enfants ?&nbsp;\n\n\n\nVous souhaitez mettre en place une relation plus harmonieuse parents-enfants ?\n\n\n\n&#x1f4c6;  Rendez-vous le 18 Juin pour une intervention en ligne anim\u00e9e par Val\u00e9rie Pivetal, th\u00e9rapeute psycho-corporel, educatrice Domissori en Savoie.\n\n\n\n&#x1f4cc;  Au programme :Une intervention dynamique et un moment d&rsquo;\u00e9change entre parents et professionnel, pour comprendre et dompter son stress.\n\n\n\n&#x231a; Horaires : 20h30 &#8211; 21h30\n\n\n\n1h30 d\u2019\u00e9changes GRATUITE, ouvert \u00e0 tous, amateur et curieux et \u00e0 tous les parents souhaitant am\u00e9liorer leur savoir-faire et leur comp\u00e9tence parentale.\n\n\n\nPour s&rsquo;inscrire \u00e0 l&rsquo;\u00e9v\u00e8nement : https:\/\/www.eventbrite.fr\/e\/billets-atelier-des-parents-domissoriens-parents-comprendre-et-dompter-son-stress-158940512351?aff=ebdssbeaciorer\u00a0<\/span><span style=\"margin-left:3px; max-height:2.8em\" class=\"line_limit\"> [...]<\/span><\/span><span class=\"custom_fields\">\n<!-- WPLP Unknown field: Custom_Fields -->\n<\/span><\/div><\/div><\/div><\/div><div class=\"swiper-slide\" style=\"\"><div class=\"insideframe\"><div id=\"wplp_box_top_2324_2470\" class=\"wpcu-front-box top equalHeightImg\" ><div class=\"wplp-box-item\"><a href=\"http:\/\/apecroixluizet.net\/accueil\/2021\/04\/info-ecole-confinement-avril-2021\/\"  class=\"thumbnail\"><span class=\"img_cropper\" style=\"margin-right:3px;margin-bottom:5px;margin-left:3px;max-width:100%;\"><img decoding=\"async\" src=\"http:\/\/apecroixluizet.net\/accueil\/wp-content\/uploads\/2021\/04\/1-e\u0301cole-villeurbanne.jpg\" style=\"aspect-ratio:4\/3;\" srcset=\"http:\/\/apecroixluizet.net\/accueil\/wp-content\/uploads\/2021\/04\/1-e\u0301cole-villeurbanne.jpg 1200w, http:\/\/apecroixluizet.net\/accueil\/wp-content\/uploads\/2021\/04\/1-e\u0301cole-villeurbanne-300x127.jpg 300w, http:\/\/apecroixluizet.net\/accueil\/wp-content\/uploads\/2021\/04\/1-e\u0301cole-villeurbanne-1024x433.jpg 1024w, http:\/\/apecroixluizet.net\/accueil\/wp-content\/uploads\/2021\/04\/1-e\u0301cole-villeurbanne-768x325.jpg 768w\" alt=\"Info \u00e9cole &#038; confinement avril 2021\" class=\"wplp_thumb\" \/><\/span><\/a><a href=\"http:\/\/apecroixluizet.net\/accueil\/2021\/04\/info-ecole-confinement-avril-2021\/\"  class=\"title\">Info \u00e9cole &#038; confinement avril 2021<\/a><\/div><\/div><div id=\"wplp_box_left_2324_2470\" class=\"wpcu-front-box left wpcu-custom-position\" ><div class=\"wplp-box-item\"><\/div><\/div><div id=\"wplp_box_right_2324_2470\" class=\"wpcu-front-box right wpcu-custom-position\" ><div class=\"wplp-box-item\"><\/div><\/div><div id=\"wplp_box_bottom_2324_2470\" class=\"wpcu-front-box bottom \" ><div class=\"wplp-box-item\"><span class=\"date\">1 avril 2021<\/span><span class=\"text\"><span style=\"max-height:2.8em\" class=\"line_limit\">Suite \u00e0 l&rsquo;annonce du gouvernement en date du 31 mars 2021\n\n\n\nInformation aux parents :\n\n\n\nVoici un message de la directrice de l&rsquo;\u00e9cole de Croix-Luizet, Mme Karine Besson.\n\n\n\nL&rsquo;\u00e9cole sera ferm\u00e9e \u00e0 partir du vendredi 2 avril 18h.\n\n\n\nPour la semaine du 6 au 9 avril : les enseignants vous proposeront des pistes d&rsquo;activit\u00e9s.&nbsp;\n\n\n\nDu 10 au 25 avril : vacances de printemps.\n\n\n\nNous nous retrouvons \u00e0 l&rsquo;\u00e9cole le lundi 26 avril \u00e0 8h20.\n\n\n\nNous n&rsquo;avons encore aucune information concernant un \u00e9ventuel accueil de personnel prioritaire (soignants, forces de l&rsquo;ordre&#8230;) mais nous ne manquerons pas de contacter les personnes concern\u00e9es qui se sont manifest\u00e9es \u00e0 ce sujet d\u00e8s que nous en saurons plus.\n\n\n\nPrenez soin de vous !&#8212;&nbsp;Karine BESSONEcole maternelle Croix Luizet18 rue Armand69100 Villeurbanne<\/span><span style=\"margin-left:3px; max-height:2.8em\" class=\"line_limit\"> [...]<\/span><\/span><span class=\"custom_fields\">\n<!-- WPLP Unknown field: Custom_Fields -->\n<\/span><\/div><\/div><\/div><\/div><div class=\"swiper-slide\" style=\"\"><div class=\"insideframe\"><div id=\"wplp_box_top_2324_2462\" class=\"wpcu-front-box top equalHeightImg\" ><div class=\"wplp-box-item\"><a href=\"http:\/\/apecroixluizet.net\/accueil\/2021\/02\/planning-dactivites-01-2021-04-2021\/\"  class=\"thumbnail\"><span class=\"img_cropper\" style=\"margin-right:3px;margin-bottom:5px;margin-left:3px;max-width:100%;\"><img decoding=\"async\" src=\"http:\/\/apecroixluizet.net\/accueil\/wp-content\/plugins\/wp-latest-posts\/img\/default-image.svg\" style=\"aspect-ratio:4\/3;\" srcset=\"\" alt=\"Planning d&rsquo;activit\u00e9s 01\/2021 au 04\/2021\"  class=\"wplp_default\" \/><\/span><\/a><a href=\"http:\/\/apecroixluizet.net\/accueil\/2021\/02\/planning-dactivites-01-2021-04-2021\/\"  class=\"title\">Planning d&rsquo;activit\u00e9s 01\/2021 au 04\/2021<\/a><\/div><\/div><div id=\"wplp_box_left_2324_2462\" class=\"wpcu-front-box left wpcu-custom-position\" ><div class=\"wplp-box-item\"><\/div><\/div><div id=\"wplp_box_right_2324_2462\" class=\"wpcu-front-box right wpcu-custom-position\" ><div class=\"wplp-box-item\"><\/div><\/div><div id=\"wplp_box_bottom_2324_2462\" class=\"wpcu-front-box bottom \" ><div class=\"wplp-box-item\"><span class=\"date\">8 f\u00e9vrier 2021<\/span><span class=\"text\"><span style=\"max-height:2.8em\" class=\"line_limit\">Activit\u00e9s de janvier \u00e0 avril 2021\n\n\n\nLe planning pour les maternelles :\n\n\n\n\n\n\n\nLe planning pour les \u00e9l\u00e9mentaires :<\/span><span style=\"margin-left:3px; max-height:2.8em\" class=\"line_limit\"> [...]<\/span><\/span><span class=\"custom_fields\">\n<!-- WPLP Unknown field: Custom_Fields -->\n<\/span><\/div><\/div><\/div><\/div><div class=\"swiper-slide\" style=\"\"><div class=\"insideframe\"><div id=\"wplp_box_top_2324_2454\" class=\"wpcu-front-box top equalHeightImg\" ><div class=\"wplp-box-item\"><a href=\"http:\/\/apecroixluizet.net\/accueil\/2020\/12\/compte-rendu-commission-de-restauration\/\"  class=\"thumbnail\"><span class=\"img_cropper\" style=\"margin-right:3px;margin-bottom:5px;margin-left:3px;max-width:100%;\"><img decoding=\"async\" src=\"http:\/\/apecroixluizet.net\/accueil\/wp-content\/uploads\/2020\/12\/commission-restauration-villeurbanne-2020.jpg\" style=\"aspect-ratio:4\/3;\" srcset=\"http:\/\/apecroixluizet.net\/accueil\/wp-content\/uploads\/2020\/12\/commission-restauration-villeurbanne-2020.jpg 1900w, http:\/\/apecroixluizet.net\/accueil\/wp-content\/uploads\/2020\/12\/commission-restauration-villeurbanne-2020-300x200.jpg 300w, http:\/\/apecroixluizet.net\/accueil\/wp-content\/uploads\/2020\/12\/commission-restauration-villeurbanne-2020-1024x683.jpg 1024w, http:\/\/apecroixluizet.net\/accueil\/wp-content\/uploads\/2020\/12\/commission-restauration-villeurbanne-2020-768x512.jpg 768w, http:\/\/apecroixluizet.net\/accueil\/wp-content\/uploads\/2020\/12\/commission-restauration-villeurbanne-2020-1536x1024.jpg 1536w\" alt=\"Compte rendu Commission de restauration\" class=\"wplp_thumb\" \/><\/span><\/a><a href=\"http:\/\/apecroixluizet.net\/accueil\/2020\/12\/compte-rendu-commission-de-restauration\/\"  class=\"title\">Compte rendu Commission de restauration<\/a><\/div><\/div><div id=\"wplp_box_left_2324_2454\" class=\"wpcu-front-box left wpcu-custom-position\" ><div class=\"wplp-box-item\"><\/div><\/div><div id=\"wplp_box_right_2324_2454\" class=\"wpcu-front-box right wpcu-custom-position\" ><div class=\"wplp-box-item\"><\/div><\/div><div id=\"wplp_box_bottom_2324_2454\" class=\"wpcu-front-box bottom \" ><div class=\"wplp-box-item\"><span class=\"date\">15 d\u00e9cembre 2020<\/span><span class=\"text\"><span style=\"max-height:2.8em\" class=\"line_limit\">Voici le compte rendu de la Commission de restauration : compte-rendu 09\/12\/2020\n\n\n\nCette commission permet de rassembler les acteurs de la pause m\u00e9ridienne.\n\n\n\nC&rsquo;est donc un temps d\u2019\u00e9change entre les directeurs d\u2019\u00e9tablissements, les repr\u00e9sentants de parents d\u2019\u00e9l\u00e8ves, les \u00e9l\u00e8ves (sur celles qui suivront), les agents de restauration (Responsable de cuisine, ATSEM), les responsables de secteurs, les responsables du p\u00e9riscolaire et les responsables de la cuisine centrale.<\/span><span style=\"margin-left:3px; max-height:2.8em\" class=\"line_limit\"> [...]<\/span><\/span><span class=\"custom_fields\">\n<!-- WPLP Unknown field: Custom_Fields -->\n<\/span><\/div><\/div><\/div><\/div><div class=\"swiper-slide\" style=\"\"><div class=\"insideframe\"><div id=\"wplp_box_top_2324_2419\" class=\"wpcu-front-box top equalHeightImg\" ><div class=\"wplp-box-item\"><a href=\"http:\/\/apecroixluizet.net\/accueil\/2020\/12\/petition-ecole-croix-luizet\/\"  class=\"thumbnail\"><span class=\"img_cropper\" style=\"margin-right:3px;margin-bottom:5px;margin-left:3px;max-width:100%;\"><img decoding=\"async\" src=\"http:\/\/apecroixluizet.net\/accueil\/wp-content\/uploads\/2020\/12\/petition-ecole-croix-luizet-1.jpg\" style=\"aspect-ratio:4\/3;\" srcset=\"http:\/\/apecroixluizet.net\/accueil\/wp-content\/uploads\/2020\/12\/petition-ecole-croix-luizet-1.jpg 1900w, http:\/\/apecroixluizet.net\/accueil\/wp-content\/uploads\/2020\/12\/petition-ecole-croix-luizet-1-300x200.jpg 300w, http:\/\/apecroixluizet.net\/accueil\/wp-content\/uploads\/2020\/12\/petition-ecole-croix-luizet-1-1024x683.jpg 1024w, http:\/\/apecroixluizet.net\/accueil\/wp-content\/uploads\/2020\/12\/petition-ecole-croix-luizet-1-768x512.jpg 768w, http:\/\/apecroixluizet.net\/accueil\/wp-content\/uploads\/2020\/12\/petition-ecole-croix-luizet-1-1536x1024.jpg 1536w\" alt=\"P\u00e9tition \u00e9cole Croix Luizet\" class=\"wplp_thumb\" \/><\/span><\/a><a href=\"http:\/\/apecroixluizet.net\/accueil\/2020\/12\/petition-ecole-croix-luizet\/\"  class=\"title\">P\u00e9tition \u00e9cole Croix Luizet<\/a><\/div><\/div><div id=\"wplp_box_left_2324_2419\" class=\"wpcu-front-box left wpcu-custom-position\" ><div class=\"wplp-box-item\"><\/div><\/div><div id=\"wplp_box_right_2324_2419\" class=\"wpcu-front-box right wpcu-custom-position\" ><div class=\"wplp-box-item\"><\/div><\/div><div id=\"wplp_box_bottom_2324_2419\" class=\"wpcu-front-box bottom \" ><div class=\"wplp-box-item\"><span class=\"date\">11 d\u00e9cembre 2020<\/span><span class=\"text\"><span style=\"max-height:2.8em\" class=\"line_limit\">Aujourd&rsquo;hui l&rsquo;Association des Parents d&rsquo;\u00c9l\u00e8ves souhaite faire entendre le m\u00e9contentement de beaucoup de parents de l&rsquo;\u00e9cole du groupe scolaire Croix-Luizet concernant l&rsquo;accueil de leurs enfants de par le manque de personnels, de moyens mat\u00e9riels ou financiers. \n\n\n\nAvec du personnel non remplac\u00e9, nos enfants ne sont pas accueillis dans de bonnes conditions. On le voit avec la cantine qui distribue des repas froids, avec le personnel p\u00e9riscolaire qui n&rsquo;est pas form\u00e9, la mauvaise hygi\u00e8ne des classes ou des sanitaires, etc. \n\n\n\n\n\n\n\nPour am\u00e9liorer l&rsquo;\u00e9cole de vos enfants, aidez-nous en signant la p\u00e9tition :www.unepetition.fr\/ecolecroixluizet \n\n\n\n\n\n\n\nAu plus nous r\u00e9colterons de signatures, au plus nous pourrons nous faire entendre au pr\u00e9s de la mairie de Villeurbanne.<\/span><span style=\"margin-left:3px; max-height:2.8em\" class=\"line_limit\"> [...]<\/span><\/span><span class=\"custom_fields\">\n<!-- WPLP Unknown field: Custom_Fields -->\n<\/span><\/div><\/div><\/div><\/div><div class=\"swiper-slide\" style=\"\"><div class=\"insideframe\"><div id=\"wplp_box_top_2324_2300\" class=\"wpcu-front-box top equalHeightImg\" ><div class=\"wplp-box-item\"><a href=\"http:\/\/apecroixluizet.net\/accueil\/2020\/08\/cest-la-rentree-2\/\"  class=\"thumbnail\"><span class=\"img_cropper\" style=\"margin-right:3px;margin-bottom:5px;margin-left:3px;max-width:100%;\"><img decoding=\"async\" src=\"http:\/\/apecroixluizet.net\/accueil\/wp-content\/uploads\/2020\/08\/RentreeScolaire2020.jpg\" style=\"aspect-ratio:4\/3;\" srcset=\"http:\/\/apecroixluizet.net\/accueil\/wp-content\/uploads\/2020\/08\/RentreeScolaire2020.jpg 1900w, http:\/\/apecroixluizet.net\/accueil\/wp-content\/uploads\/2020\/08\/RentreeScolaire2020-300x200.jpg 300w, http:\/\/apecroixluizet.net\/accueil\/wp-content\/uploads\/2020\/08\/RentreeScolaire2020-1024x683.jpg 1024w, http:\/\/apecroixluizet.net\/accueil\/wp-content\/uploads\/2020\/08\/RentreeScolaire2020-768x512.jpg 768w, http:\/\/apecroixluizet.net\/accueil\/wp-content\/uploads\/2020\/08\/RentreeScolaire2020-1536x1024.jpg 1536w\" alt=\"C&rsquo;est la rentr\u00e9e !\" class=\"wplp_thumb\" \/><\/span><\/a><a href=\"http:\/\/apecroixluizet.net\/accueil\/2020\/08\/cest-la-rentree-2\/\"  class=\"title\">C&rsquo;est la rentr\u00e9e !<\/a><\/div><\/div><div id=\"wplp_box_left_2324_2300\" class=\"wpcu-front-box left wpcu-custom-position\" ><div class=\"wplp-box-item\"><\/div><\/div><div id=\"wplp_box_right_2324_2300\" class=\"wpcu-front-box right wpcu-custom-position\" ><div class=\"wplp-box-item\"><\/div><\/div><div id=\"wplp_box_bottom_2324_2300\" class=\"wpcu-front-box bottom \" ><div class=\"wplp-box-item\"><span class=\"date\">31 ao\u00fbt 2020<\/span><span class=\"text\"><span style=\"max-height:2.8em\" class=\"line_limit\">Chers parents,\n\n\n\nL&rsquo;ensemble des membres de l&rsquo;association des parents d&rsquo;\u00e9l\u00e8ves vous souhaite une bonne rentr\u00e9e 2020 !<\/span><span style=\"margin-left:3px; max-height:2.8em\" class=\"line_limit\"> [...]<\/span><\/span><span class=\"custom_fields\">\n<!-- WPLP Unknown field: Custom_Fields -->\n<\/span><\/div><\/div><\/div><\/div><div class=\"swiper-slide\" style=\"\"><div class=\"insideframe\"><div id=\"wplp_box_top_2324_2297\" class=\"wpcu-front-box top equalHeightImg\" ><div class=\"wplp-box-item\"><a href=\"http:\/\/apecroixluizet.net\/accueil\/2020\/08\/le-blog-de-lelementaire\/\"  class=\"thumbnail\"><span class=\"img_cropper\" style=\"margin-right:3px;margin-bottom:5px;margin-left:3px;max-width:100%;\"><img decoding=\"async\" src=\"http:\/\/apecroixluizet.net\/accueil\/wp-content\/uploads\/2020\/08\/blog-elementaire.jpg\" style=\"aspect-ratio:4\/3;\" srcset=\"http:\/\/apecroixluizet.net\/accueil\/wp-content\/uploads\/2020\/08\/blog-elementaire.jpg 1900w, http:\/\/apecroixluizet.net\/accueil\/wp-content\/uploads\/2020\/08\/blog-elementaire-300x200.jpg 300w, http:\/\/apecroixluizet.net\/accueil\/wp-content\/uploads\/2020\/08\/blog-elementaire-1024x683.jpg 1024w, http:\/\/apecroixluizet.net\/accueil\/wp-content\/uploads\/2020\/08\/blog-elementaire-768x512.jpg 768w, http:\/\/apecroixluizet.net\/accueil\/wp-content\/uploads\/2020\/08\/blog-elementaire-1536x1024.jpg 1536w\" alt=\"Le blog de l&rsquo;\u00e9l\u00e9mentaire\" class=\"wplp_thumb\" \/><\/span><\/a><a href=\"http:\/\/apecroixluizet.net\/accueil\/2020\/08\/le-blog-de-lelementaire\/\"  class=\"title\">Le blog de l&rsquo;\u00e9l\u00e9mentaire<\/a><\/div><\/div><div id=\"wplp_box_left_2324_2297\" class=\"wpcu-front-box left wpcu-custom-position\" ><div class=\"wplp-box-item\"><\/div><\/div><div id=\"wplp_box_right_2324_2297\" class=\"wpcu-front-box right wpcu-custom-position\" ><div class=\"wplp-box-item\"><\/div><\/div><div id=\"wplp_box_bottom_2324_2297\" class=\"wpcu-front-box bottom \" ><div class=\"wplp-box-item\"><span class=\"date\">31 ao\u00fbt 2020<\/span><span class=\"text\"><span style=\"max-height:2.8em\" class=\"line_limit\">Chers parents, vous pouvez retrouver les informations concernant l&rsquo;\u00e9cole \u00e9l\u00e9mentaire sur le blog de l&rsquo;\u00e9quipe p\u00e9dagogique : https:\/\/croixluizet.blogs.laclasse.com\/<\/span><span style=\"margin-left:3px; max-height:2.8em\" class=\"line_limit\"> [...]<\/span><\/span><span class=\"custom_fields\">\n<!-- WPLP Unknown field: Custom_Fields -->\n<\/span><\/div><\/div><\/div><\/div><div class=\"swiper-slide\" style=\"\"><div class=\"insideframe\"><div id=\"wplp_box_top_2324_2293\" class=\"wpcu-front-box top equalHeightImg\" ><div class=\"wplp-box-item\"><a href=\"http:\/\/apecroixluizet.net\/accueil\/2020\/06\/le-blog-de-la-maternelle\/\"  class=\"thumbnail\"><span class=\"img_cropper\" style=\"margin-right:3px;margin-bottom:5px;margin-left:3px;max-width:100%;\"><img decoding=\"async\" src=\"http:\/\/apecroixluizet.net\/accueil\/wp-content\/uploads\/2020\/06\/blog-maternelle.jpg\" style=\"aspect-ratio:4\/3;\" srcset=\"http:\/\/apecroixluizet.net\/accueil\/wp-content\/uploads\/2020\/06\/blog-maternelle.jpg 1900w, http:\/\/apecroixluizet.net\/accueil\/wp-content\/uploads\/2020\/06\/blog-maternelle-300x200.jpg 300w, http:\/\/apecroixluizet.net\/accueil\/wp-content\/uploads\/2020\/06\/blog-maternelle-1024x683.jpg 1024w, http:\/\/apecroixluizet.net\/accueil\/wp-content\/uploads\/2020\/06\/blog-maternelle-768x512.jpg 768w, http:\/\/apecroixluizet.net\/accueil\/wp-content\/uploads\/2020\/06\/blog-maternelle-1536x1024.jpg 1536w\" alt=\"Le blog de la maternelle\" class=\"wplp_thumb\" \/><\/span><\/a><a href=\"http:\/\/apecroixluizet.net\/accueil\/2020\/06\/le-blog-de-la-maternelle\/\"  class=\"title\">Le blog de la maternelle<\/a><\/div><\/div><div id=\"wplp_box_left_2324_2293\" class=\"wpcu-front-box left wpcu-custom-position\" ><div class=\"wplp-box-item\"><\/div><\/div><div id=\"wplp_box_right_2324_2293\" class=\"wpcu-front-box right wpcu-custom-position\" ><div class=\"wplp-box-item\"><\/div><\/div><div id=\"wplp_box_bottom_2324_2293\" class=\"wpcu-front-box bottom \" ><div class=\"wplp-box-item\"><span class=\"date\">8 juin 2020<\/span><span class=\"text\"><span style=\"max-height:2.8em\" class=\"line_limit\">La newsletter de la maternelle laisse place \u00e0 un blog.\n\n\n\nVous pouvez vous connecter d\u00e8s \u00e0 pr\u00e9sent en cliquant sur le lien suivant :https:\/\/maternelle-croix-luizet.blog.ac-lyon.fr\/ecole-a-la-maison\/\n\n\n\nVous arriverez alors sur la page d&rsquo;accueil du blog et vous n&rsquo;aurez plus qu&rsquo;\u00e0 ouvrir l&rsquo;onglet \u00ab\u00a0Ecole \u00e0 la maison\u00a0\u00bb qui vous proposera des activit\u00e9s dans&nbsp;diff\u00e9rents domaines :&nbsp;histoires, parler, compter, \u00e9crire, bouger, dessiner, \u00e9couter\/chanter, exp\u00e9rimenter\/d\u00e9couvrir.\n\n\n\nChaque semaine, ce&nbsp;blog sera enrichi de nouvelles activit\u00e9s.<\/span><span style=\"margin-left:3px; max-height:2.8em\" class=\"line_limit\"> [...]<\/span><\/span><span class=\"custom_fields\">\n<!-- WPLP Unknown field: Custom_Fields -->\n<\/span><\/div><\/div><\/div><\/div><div class=\"swiper-slide\" style=\"\"><div class=\"insideframe\"><div id=\"wplp_box_top_2324_2237\" class=\"wpcu-front-box top equalHeightImg\" ><div class=\"wplp-box-item\"><a href=\"http:\/\/apecroixluizet.net\/accueil\/2020\/04\/enfance-covid\/\"  class=\"thumbnail\"><span class=\"img_cropper\" style=\"margin-right:3px;margin-bottom:5px;margin-left:3px;max-width:100%;\"><img decoding=\"async\" src=\"http:\/\/apecroixluizet.net\/accueil\/wp-content\/plugins\/wp-latest-posts\/img\/default-image.svg\" style=\"aspect-ratio:4\/3;\" srcset=\"\" alt=\"Enfance &#038; Covid\"  class=\"wplp_default\" \/><\/span><\/a><a href=\"http:\/\/apecroixluizet.net\/accueil\/2020\/04\/enfance-covid\/\"  class=\"title\">Enfance &#038; Covid<\/a><\/div><\/div><div id=\"wplp_box_left_2324_2237\" class=\"wpcu-front-box left wpcu-custom-position\" ><div class=\"wplp-box-item\"><\/div><\/div><div id=\"wplp_box_right_2324_2237\" class=\"wpcu-front-box right wpcu-custom-position\" ><div class=\"wplp-box-item\"><\/div><\/div><div id=\"wplp_box_bottom_2324_2237\" class=\"wpcu-front-box bottom \" ><div class=\"wplp-box-item\"><span class=\"date\">8 avril 2020<\/span><span class=\"text\"><span style=\"max-height:2.8em\" class=\"line_limit\">D\u00e9couvrez une plate-forme de ressources \u00e0 l&rsquo;initiative de coordinateurs petite enfance et de p\u00e9diatres.\n\n\n\nLe but de ce site est de vous accompagner dans l&rsquo;explication et la mise en place de gestes du quotidien face \u00e0 la crise sanitaire.\n\n\n\nhttp:\/\/www.enfance-et-covid.org\/<\/span><span style=\"margin-left:3px; max-height:2.8em\" class=\"line_limit\"> [...]<\/span><\/span><span class=\"custom_fields\">\n<!-- WPLP Unknown field: Custom_Fields -->\n<\/span><\/div><\/div><\/div><\/div><div class=\"swiper-slide\" style=\"\"><div class=\"insideframe\"><div id=\"wplp_box_top_2324_2235\" class=\"wpcu-front-box top equalHeightImg\" ><div class=\"wplp-box-item\"><a href=\"http:\/\/apecroixluizet.net\/accueil\/2020\/04\/gardons-le-contact\/\"  class=\"thumbnail\"><span class=\"img_cropper\" style=\"margin-right:3px;margin-bottom:5px;margin-left:3px;max-width:100%;\"><img decoding=\"async\" src=\"http:\/\/apecroixluizet.net\/accueil\/wp-content\/plugins\/wp-latest-posts\/img\/default-image.svg\" style=\"aspect-ratio:4\/3;\" srcset=\"\" alt=\"Gardons le contact !\"  class=\"wplp_default\" \/><\/span><\/a><a href=\"http:\/\/apecroixluizet.net\/accueil\/2020\/04\/gardons-le-contact\/\"  class=\"title\">Gardons le contact !<\/a><\/div><\/div><div id=\"wplp_box_left_2324_2235\" class=\"wpcu-front-box left wpcu-custom-position\" ><div class=\"wplp-box-item\"><\/div><\/div><div id=\"wplp_box_right_2324_2235\" class=\"wpcu-front-box right wpcu-custom-position\" ><div class=\"wplp-box-item\"><\/div><\/div><div id=\"wplp_box_bottom_2324_2235\" class=\"wpcu-front-box bottom \" ><div class=\"wplp-box-item\"><span class=\"date\">8 avril 2020<\/span><span class=\"text\"><span style=\"max-height:2.8em\" class=\"line_limit\">Afin de rester en contact avec les familles, l&rsquo;\u00e9quipes p\u00e9dagogique de la maternelle \u00e9dite tous les jours une newsletter.\n\n\n\nLes voici en t\u00e9l\u00e9chargement :\n\n\n\n1 Lundi 16 mars\n2 Mardi 17 mars\n3 Mercredi 18 mars\n4 Jeudi 19 mars\n5 Vendredi 20 mars\n6 Lundi 23 mars\n7 Mardi 24 mars\n8 Mercredi 25 mars\n9 Jeudi 26 mars\n10 Vendredi 27 mars\n11 Lundi 30 mars\n12 Mardi 31 mars\n13 Mercredi 1er avril\n14 Jeudi 2 avril\n15 Vendredi 3 avril\n16 Lundi 6 avril\n17 Mardi 7 avril\n18 Mercredi 8 avril\n19 Jeudi 9 avril\n20 Vendredi 10 avril\n21 Mardi 14 avril\n22 Mercredi 15 avril\n23 Jeudi 16 avril\n24 Vendredi 17 avril\nVACANCES Semaine 2\n25 Lundi 4 mai\n26 Mardi 5 mai\n27 Mercredi 6 mai\n28 Jeudi 7 mai\n29 Lundi 11 mai\n30 Mardi 12 mai\n31 Mercredi 13 mai\n34 Lundi 18 mai\n35 Mardi 19 mai\n36 Mercredi 20 mai\n37 Lundi 25 mai\n38 Mardi 26 mai\n39 Mercredi 27 mai\n40 Jeudi 28 mai<\/span><span style=\"margin-left:3px; max-height:2.8em\" class=\"line_limit\"> [...]<\/span><\/span><span class=\"custom_fields\">\n<!-- WPLP Unknown field: Custom_Fields -->\n<\/span><\/div><\/div><\/div><\/div><div class=\"swiper-slide\" style=\"\"><div class=\"insideframe\"><div id=\"wplp_box_top_2324_2212\" class=\"wpcu-front-box top equalHeightImg\" ><div class=\"wplp-box-item\"><a href=\"http:\/\/apecroixluizet.net\/accueil\/2020\/04\/le-site-est-de-nouveau-en-ligne\/\"  class=\"thumbnail\"><span class=\"img_cropper\" style=\"margin-right:3px;margin-bottom:5px;margin-left:3px;max-width:100%;\"><img decoding=\"async\" src=\"http:\/\/apecroixluizet.net\/accueil\/wp-content\/plugins\/wp-latest-posts\/img\/default-image.svg\" style=\"aspect-ratio:4\/3;\" srcset=\"\" alt=\"Le site est de nouveau en ligne\"  class=\"wplp_default\" \/><\/span><\/a><a href=\"http:\/\/apecroixluizet.net\/accueil\/2020\/04\/le-site-est-de-nouveau-en-ligne\/\"  class=\"title\">Le site est de nouveau en ligne<\/a><\/div><\/div><div id=\"wplp_box_left_2324_2212\" class=\"wpcu-front-box left wpcu-custom-position\" ><div class=\"wplp-box-item\"><\/div><\/div><div id=\"wplp_box_right_2324_2212\" class=\"wpcu-front-box right wpcu-custom-position\" ><div class=\"wplp-box-item\"><\/div><\/div><div id=\"wplp_box_bottom_2324_2212\" class=\"wpcu-front-box bottom \" ><div class=\"wplp-box-item\"><span class=\"date\">6 avril 2020<\/span><span class=\"text\"><span style=\"max-height:2.8em\" class=\"line_limit\">Bonjour,Suite \u00e0 un souci technique, le site de l&rsquo;APE \u00e9tait offline depuis plusieurs semaines. Le souci \u00e9tant maintenant corrig\u00e9, le site est de nouveau en ligne.<\/span><span style=\"margin-left:3px; max-height:2.8em\" class=\"line_limit\"> [...]<\/span><\/span><span class=\"custom_fields\">\n<!-- WPLP Unknown field: Custom_Fields -->\n<\/span><\/div><\/div><\/div><\/div><div class=\"swiper-slide\" style=\"\"><div class=\"insideframe\"><div id=\"wplp_box_top_2324_2196\" class=\"wpcu-front-box top equalHeightImg\" ><div class=\"wplp-box-item\"><a href=\"http:\/\/apecroixluizet.net\/accueil\/2019\/10\/vente-de-gateaux-ce-vendredi-18-septembre\/\"  class=\"thumbnail\"><span class=\"img_cropper\" style=\"margin-right:3px;margin-bottom:5px;margin-left:3px;max-width:100%;\"><img decoding=\"async\" src=\"http:\/\/apecroixluizet.net\/accueil\/wp-content\/plugins\/wp-latest-posts\/img\/default-image.svg\" style=\"aspect-ratio:4\/3;\" srcset=\"\" alt=\"Vente de g\u00e2teaux ce vendredi 18 septembre\"  class=\"wplp_default\" \/><\/span><\/a><a href=\"http:\/\/apecroixluizet.net\/accueil\/2019\/10\/vente-de-gateaux-ce-vendredi-18-septembre\/\"  class=\"title\">Vente de g\u00e2teaux ce vendredi 18 septembre<\/a><\/div><\/div><div id=\"wplp_box_left_2324_2196\" class=\"wpcu-front-box left wpcu-custom-position\" ><div class=\"wplp-box-item\"><\/div><\/div><div id=\"wplp_box_right_2324_2196\" class=\"wpcu-front-box right wpcu-custom-position\" ><div class=\"wplp-box-item\"><\/div><\/div><div id=\"wplp_box_bottom_2324_2196\" class=\"wpcu-front-box bottom \" ><div class=\"wplp-box-item\"><span class=\"date\">17 octobre 2019<\/span><span class=\"text\"><span style=\"max-height:2.8em\" class=\"line_limit\">L&rsquo;APE organise une vente de g\u00e2teaux \u00e0 l&rsquo;\u00e9cole ce vendredi 18 septembre.<\/span><span style=\"margin-left:3px; max-height:2.8em\" class=\"line_limit\"> [...]<\/span><\/span><span class=\"custom_fields\">\n<!-- WPLP Unknown field: Custom_Fields -->\n<\/span><\/div><\/div><\/div><\/div><div class=\"swiper-slide\" style=\"\"><div class=\"insideframe\"><div id=\"wplp_box_top_2324_2190\" class=\"wpcu-front-box top equalHeightImg\" ><div class=\"wplp-box-item\"><a href=\"http:\/\/apecroixluizet.net\/accueil\/2019\/09\/assemblee-generale-de-lassociation\/\"  class=\"thumbnail\"><span class=\"img_cropper\" style=\"margin-right:3px;margin-bottom:5px;margin-left:3px;max-width:100%;\"><img decoding=\"async\" src=\"http:\/\/apecroixluizet.net\/accueil\/wp-content\/plugins\/wp-latest-posts\/img\/default-image.svg\" style=\"aspect-ratio:4\/3;\" srcset=\"\" alt=\"Assembl\u00e9e G\u00e9n\u00e9rale de l&rsquo;association\"  class=\"wplp_default\" \/><\/span><\/a><a href=\"http:\/\/apecroixluizet.net\/accueil\/2019\/09\/assemblee-generale-de-lassociation\/\"  class=\"title\">Assembl\u00e9e G\u00e9n\u00e9rale de l&rsquo;association<\/a><\/div><\/div><div id=\"wplp_box_left_2324_2190\" class=\"wpcu-front-box left wpcu-custom-position\" ><div class=\"wplp-box-item\"><\/div><\/div><div id=\"wplp_box_right_2324_2190\" class=\"wpcu-front-box right wpcu-custom-position\" ><div class=\"wplp-box-item\"><\/div><\/div><div id=\"wplp_box_bottom_2324_2190\" class=\"wpcu-front-box bottom \" ><div class=\"wplp-box-item\"><span class=\"date\">16 septembre 2019<\/span><span class=\"text\"><span style=\"max-height:2.8em\" class=\"line_limit\">L&rsquo;AG 2019\/2020 aura lieu le vendredi 20 septembre \u00e0 partir de 19h \u00e0 la maison Croix Luizet. Ce sera l&rsquo;occasion de renouveler le bureau. N&rsquo;h\u00e9sitez pas \u00e0 nous rejoindre !<\/span><span style=\"margin-left:3px; max-height:2.8em\" class=\"line_limit\"> [...]<\/span><\/span><span class=\"custom_fields\">\n<!-- WPLP Unknown field: Custom_Fields -->\n<\/span><\/div><\/div><\/div><\/div><div class=\"swiper-slide\" style=\"\"><div class=\"insideframe\"><div id=\"wplp_box_top_2324_2188\" class=\"wpcu-front-box top equalHeightImg\" ><div class=\"wplp-box-item\"><a href=\"http:\/\/apecroixluizet.net\/accueil\/2019\/09\/reunion-de-presentation-de-lassociation\/\"  class=\"thumbnail\"><span class=\"img_cropper\" style=\"margin-right:3px;margin-bottom:5px;margin-left:3px;max-width:100%;\"><img decoding=\"async\" src=\"http:\/\/apecroixluizet.net\/accueil\/wp-content\/plugins\/wp-latest-posts\/img\/default-image.svg\" style=\"aspect-ratio:4\/3;\" srcset=\"\" alt=\"R\u00e9union de pr\u00e9sentation de l&rsquo;association\"  class=\"wplp_default\" \/><\/span><\/a><a href=\"http:\/\/apecroixluizet.net\/accueil\/2019\/09\/reunion-de-presentation-de-lassociation\/\"  class=\"title\">R\u00e9union de pr\u00e9sentation de l&rsquo;association<\/a><\/div><\/div><div id=\"wplp_box_left_2324_2188\" class=\"wpcu-front-box left wpcu-custom-position\" ><div class=\"wplp-box-item\"><\/div><\/div><div id=\"wplp_box_right_2324_2188\" class=\"wpcu-front-box right wpcu-custom-position\" ><div class=\"wplp-box-item\"><\/div><\/div><div id=\"wplp_box_bottom_2324_2188\" class=\"wpcu-front-box bottom \" ><div class=\"wplp-box-item\"><span class=\"date\">16 septembre 2019<\/span><span class=\"text\"><span style=\"max-height:2.8em\" class=\"line_limit\">Les parents \u00e9lus vous invitent \u00e0 venir les voir le lundi 16 septembre \u00e0 partir de 18h00 au sein de l&rsquo;\u00e9cole.<\/span><span style=\"margin-left:3px; max-height:2.8em\" class=\"line_limit\"> [...]<\/span><\/span><span class=\"custom_fields\">\n<!-- WPLP Unknown field: Custom_Fields -->\n<\/span><\/div><\/div><\/div><\/div><\/div><div class=\"swiper-button-next\"><\/div><div class=\"swiper-button-prev\"><\/div><div class=\"swiper-pagination\"><\/div><\/div><\/div>\n","protected":false},"excerpt":{"rendered":"<p>sur le site de l&rsquo;association des parents d&rsquo;\u00e9l\u00e8ves du groupe scolaire Croix-Luizet L&rsquo;association regroupe les parents d\u00e9sireux de contribuer \u00e0 la vie de l&rsquo;\u00e9cole ainsi que les repr\u00e9sentants des parents d\u2019\u00e9l\u00e8ves \u00e9lus pour les \u00e9coles maternelle et \u00e9l\u00e9mentaire. Les principaux<\/p>\n","protected":false},"author":1,"featured_media":0,"parent":0,"menu_order":0,"comment_status":"closed","ping_status":"open","template":"","meta":{"footnotes":""},"class_list":["post-2","page","type-page","status-publish","hentry"],"post_mailing_queue_ids":[],"_links":{"self":[{"href":"http:\/\/apecroixluizet.net\/accueil\/wp-json\/wp\/v2\/pages\/2","targetHints":{"allow":["GET"]}}],"collection":[{"href":"http:\/\/apecroixluizet.net\/accueil\/wp-json\/wp\/v2\/pages"}],"about":[{"href":"http:\/\/apecroixluizet.net\/accueil\/wp-json\/wp\/v2\/types\/page"}],"author":[{"embeddable":true,"href":"http:\/\/apecroixluizet.net\/accueil\/wp-json\/wp\/v2\/users\/1"}],"replies":[{"embeddable":true,"href":"http:\/\/apecroixluizet.net\/accueil\/wp-json\/wp\/v2\/comments?post=2"}],"version-history":[{"count":19,"href":"http:\/\/apecroixluizet.net\/accueil\/wp-json\/wp\/v2\/pages\/2\/revisions"}],"predecessor-version":[{"id":2416,"href":"http:\/\/apecroixluizet.net\/accueil\/wp-json\/wp\/v2\/pages\/2\/revisions\/2416"}],"wp:attachment":[{"href":"http:\/\/apecroixluizet.net\/accueil\/wp-json\/wp\/v2\/media?parent=2"}],"curies":[{"name":"wp","href":"https:\/\/api.w.org\/{rel}","templated":true}]}}